{"id":2,"date":"2024-02-21T13:34:46","date_gmt":"2024-02-21T12:34:46","guid":{"rendered":"https:\/\/www.downssyndrom.no\/sor-trondelag\/?page_id=2"},"modified":"2026-03-02T14:15:27","modified_gmt":"2026-03-02T13:15:27","slug":"downs-syndrom-trondelag-sor","status":"publish","type":"page","link":"https:\/\/www.downssyndrom.no\/trondelag-sor\/","title":{"rendered":"Downs Syndrom Tr\u00f8ndelag S\u00f8r"},"content":{"rendered":"\n\t<div class=\"dsn-hero has-global-padding is-layout-constrained alignfull is-style-default wp-block-dsn-hero has-background has-secondary-100-background-color\">\n\t\t<div class=\"dsn-hero__content alignwide\">\n\t\t\t<div class=\"dsn-hero__blocks\">\n\t\t\t\t\n\n<h1 class=\"wp-block-heading\" id=\"h-velkommen-til-downs-syndrom-trondelag-sor\">Velkommen til Downs Syndrom Tr\u00f8ndelag S\u00f8r<\/h1>\n\n\n<p class=\"t2-ingress wp-block-t2-ingress\">Downs Syndrom Tr\u00f8ndelag S\u00f8r er et lokallag for medlemmer av Downs Syndrom Norge i omr\u00e5der s\u00f8r i Tr\u00f8ndelag.\u00a0<\/p>\n\n\n<div class=\"wp-block-buttons is-layout-flex wp-block-buttons-is-layout-flex\">\n<div class=\"wp-block-button has-icon has-icon-arrowOutward\"><a class=\"wp-block-button__link wp-element-button\" href=\"https:\/\/www.downssyndrom.no\/bli-medlem\/\">Bli medlem<svg xmlns=\"http:\/\/www.w3.org\/2000\/svg\" viewBox=\"0 0 24 24\" height=\"24\" width=\"24\" class=\"t2-icon t2-icon-arrowoutward\" aria-hidden=\"true\" focusable=\"false\"><path d=\"m16 8.398438-8.875 8.902343c-.199219.199219-.4375.300781-.710938.300781-.277343 0-.515624-.101562-.714843-.300781-.199219-.199219-.300781-.4375-.300781-.714843 0-.273438.101562-.511719.300781-.710938L14.601562 7H7c-.285156 0-.519531-.097656-.710938-.289062C6.097656 6.519531 6 6.285156 6 6c0-.285156.097656-.519531.289062-.710938C6.480469 5.097656 6.714844 5 7 5h10c.285156 0 .519531.097656.710938.289062C17.902344 5.480469 18 5.714844 18 6v10c0 .285156-.097656.519531-.289062.710938C17.519531 16.902344 17.285156 17 17 17c-.285156 0-.519531-.097656-.710938-.289062C16.097656 16.519531 16 16.285156 16 16Zm0 0\" fill=\"currentColor\" \/><\/svg><\/a><\/div>\n\n\n\n<div class=\"wp-block-button is-style-link-button has-icon has-icon-facebook\"><a class=\"wp-block-button__link wp-element-button\" href=\"https:\/\/www.facebook.com\/upsanddownssortrondelag\" target=\"_blank\" rel=\"noreferrer noopener\">Bes\u00f8k oss p\u00e5 Facebook<svg xmlns=\"http:\/\/www.w3.org\/2000\/svg\" viewBox=\"0 0 24 24\" height=\"24\" width=\"24\" class=\"t2-icon t2-icon-facebook\" aria-hidden=\"true\" focusable=\"false\"><path d=\"M5 3h14a2 2 0 0 1 2 2v14a2 2 0 0 1-2 2H5a2 2 0 0 1-2-2V5a2 2 0 0 1 2-2m13 2h-2.5A3.5 3.5 0 0 0 12 8.5V11h-2v3h2v7h3v-7h3v-3h-3V9a1 1 0 0 1 1-1h2V5z\" fill=\"currentColor\" \/><\/svg><\/a><\/div>\n<\/div>\n\n\t\t\t<\/div>\n\t\t\t<img fetchpriority=\"high\" decoding=\"async\" width=\"1000\" height=\"750\" src=\"https:\/\/www.downssyndrom.no\/content\/uploads\/sites\/7\/2024\/04\/Rockesokker-6.png\" class=\"dsn-hero__image\" alt=\"\" style=\"object-position: 47% 39%\" loading=\"eager\" \/>\t\t<\/div>\n\t<\/div>\n\t\n\n\n<div class=\"wp-block-group alignfull has-primary-100-background-color has-background has-global-padding is-layout-constrained wp-block-group-is-layout-constrained\">\n<h2 class=\"wp-block-heading alignwide\" id=\"se-hva-som-skjer-i-oslo-1\">Se hva som skjer i Tr\u00f8ndelag S\u00f8r<\/h2>\n\n\n<div class=\"t2-query is-post-type-event with-active-filters-pills alignwide wp-block-t2-query\" data-args=\"{&quot;id&quot;:&quot;&quot;,&quot;query&quot;:{&quot;is_t2_query&quot;:true,&quot;meta_query&quot;:[{&quot;key&quot;:&quot;event_start_datetime_ts&quot;,&quot;value&quot;:1777479232,&quot;compare&quot;:&quot;&gt;=&quot;,&quot;type&quot;:&quot;NUMERIC&quot;}],&quot;meta_key&quot;:&quot;event_start_datetime_ts&quot;,&quot;post_type&quot;:&quot;event&quot;,&quot;posts_per_page&quot;:3,&quot;order&quot;:&quot;ASC&quot;,&quot;orderby&quot;:&quot;meta_value_num&quot;},&quot;taxonomies&quot;:[],&quot;display_active_filters&quot;:true,&quot;display_pagination&quot;:false,&quot;display_post_type_filter&quot;:false}\"><ul class=\"query-active-filters no-active-filters\"><\/ul><ul class=\"query-results\"><li class=\"t2-featured-content post-373 event type-event status-publish has-post-thumbnail hentry event-location-lucky-bowl-trondheim\"><div class=\"t2-featured-template-post t2-featured-content is-post-type-event event-location-lucky-bowl-trondheim wp-block-t2-featured-template-post\"><a class=\"t2-post-link event-image wp-block-t2-post-link\" href=\"https:\/\/www.downssyndrom.no\/trondelag-sor\/arrangementer\/bowling-for-hele-familien\/\">\n<figure style=\"--t2-focal-point: 50% 50%;\" class=\"t2-post-featured-image has-image-ratio-4-3 wp-block-t2-post-featured-image\"><img loading=\"lazy\" decoding=\"async\" width=\"335\" height=\"150\" src=\"https:\/\/www.downssyndrom.no\/content\/uploads\/sites\/7\/2026\/02\/Ny-Bowlingkjegler-og-kule.jpg\" class=\"attachment-post-thumbnail size-post-thumbnail wp-post-image\" alt=\"\" srcset=\"https:\/\/www.downssyndrom.no\/content\/uploads\/sites\/7\/2026\/02\/Ny-Bowlingkjegler-og-kule.jpg 335w, https:\/\/www.downssyndrom.no\/content\/uploads\/sites\/7\/2026\/02\/Ny-Bowlingkjegler-og-kule-300x134.jpg 300w\" sizes=\"auto, (max-width: 335px) 100vw, 335px\" \/><\/figure>\n<div class=\"dekode-events-meta type-date wp-block-dekode-events-event-meta\"><div class=\"type-date\"><div class=\"icon\"><svg xmlns=\"http:\/\/www.w3.org\/2000\/svg\" viewBox=\"0 0 24 24\" height=\"24\" width=\"24\" class=\"t2-icon t2-icon-eventnote\" aria-hidden=\"true\" focusable=\"false\"><path d=\"M5 22c-.5 0-1-.2-1.4-.6S3 20.6 3 20V6c0-.6.2-1 .6-1.4S4.5 4 5 4h1V3c0-.3.1-.5.3-.7S6.7 2 7 2c.3 0 .5.1.7.3s.3.4.3.7v1h8V3c0-.3.1-.5.3-.7s.4-.3.7-.3.5.1.7.3c.2.2.3.4.3.7v1h1c.6 0 1 .2 1.4.6s.6.8.6 1.4v14c0 .6-.2 1-.6 1.4s-.8.6-1.4.6H5zm0-2h14V10H5v10zM5 8h14V6H5v2zm0 0V6v2zm3 6c-.3 0-.5-.1-.7-.3-.2-.2-.3-.4-.3-.7s.1-.5.3-.7c.2-.2.4-.3.7-.3h8c.3 0 .5.1.7.3.2.2.3.4.3.7s-.1.5-.3.7c-.2.2-.4.3-.7.3H8zm0 4c-.3 0-.5-.1-.7-.3-.2-.2-.3-.4-.3-.7s.1-.5.3-.7c.2-.2.4-.3.7-.3h5c.3 0 .5.1.7.3.2.2.3.4.3.7s-.1.5-.3.7c-.2.2-.4.3-.7.3H8z\" fill=\"currentColor\" \/><\/svg><\/div><p class=\"value\"><time datetime=\"2026-04-29 18:00:00\" class=\"date start\"><span class=\"date\"><span>29<\/span><span>apr<\/span><\/span><\/time><\/p><\/div><\/div>\n<\/a>\n<a class=\"t2-post-link post-title-link wp-block-t2-post-link\" href=\"https:\/\/www.downssyndrom.no\/trondelag-sor\/arrangementer\/bowling-for-hele-familien\/\">\n<div class=\"t2-post-dynamic-part is-source-attribute attr-post_type wp-block-t2-post-dynamic-part\">Arrangement<\/div>\n<h3 class=\"t2-post-title wp-block-t2-post-title\">Bowling for hele familien<\/h3>\n\n<\/a>\n\n<div class=\"wp-block-group events-meta is-layout-flex wp-block-group-is-layout-flex\">\n\t<div class=\"dekode-events-meta type-location wp-block-dekode-events-event-meta\"><div class=\"type-location\"><div class=\"icon\"><svg xmlns=\"http:\/\/www.w3.org\/2000\/svg\" viewBox=\"0 0 24 24\" height=\"24\" width=\"24\" class=\"t2-icon t2-icon-locationon\" aria-hidden=\"true\" focusable=\"false\"><path d=\"M12 12c.6 0 1-.2 1.4-.6s.6-.8.6-1.4-.2-1-.6-1.4S12.6 8 12 8s-1 .2-1.4.6-.6.8-.6 1.4.2 1 .6 1.4.8.6 1.4.6zm0 7.4c2-1.9 3.5-3.6 4.5-5.1s1.5-2.9 1.5-4.1c0-1.8-.6-3.3-1.7-4.5S13.7 4 12 4s-3.1.6-4.3 1.7S6 8.4 6 10.2c0 1.2.5 2.5 1.5 4.1s2.5 3.2 4.5 5.1zm0 2.2c-.1 0-.3 0-.4-.1-.1-.1-.2-.1-.4-.2-2.4-2.1-4.2-4.1-5.4-6S4 11.8 4 10.2c0-2.5.8-4.5 2.4-6S9.9 2 12 2s4 .7 5.6 2.2 2.4 3.5 2.4 6c0 1.6-.6 3.3-1.8 5.2-1.2 1.8-3 3.8-5.5 6-.1.1-.2.1-.3.2H12z\" fill=\"currentColor\" \/><\/svg><\/div><p class=\"value\"><span class=\"location type-offline\" title=\"Heggstadmoen 55, 7080 Trondheim\">Lucky Bowl Trondheim<\/span><\/p><\/div><\/div>\n\t<div class=\"dekode-events-meta type-type wp-block-dekode-events-event-meta\"><div class=\"type-type\"><div class=\"icon\"><svg xmlns=\"http:\/\/www.w3.org\/2000\/svg\" viewBox=\"0 0 24 24\" height=\"24\" width=\"24\" class=\"t2-icon t2-icon-wavinghand\" aria-hidden=\"true\" focusable=\"false\"><path d=\"M17.8 23c1.3-.2 2.5-.8 3.4-1.7 1-1 1.5-2.1 1.7-3.4 0-.2 0-.4-.2-.6s-.3-.3-.5-.3-.3.1-.5.2-.2.3-.2.5c-.1 1-.6 1.8-1.3 2.5s-1.5 1.1-2.5 1.3c-.2 0-.3.1-.5.3-.1.1-.2.2-.2.4s.1.4.2.6c.2.1.4.2.6.2zM1.8 7c.2 0 .3-.1.5-.2.1-.1.2-.3.3-.5.2-1 .6-1.8 1.3-2.5s1.5-1.1 2.5-1.3c.2 0 .3-.1.5-.3 0-.1.1-.2.1-.4s-.1-.4-.2-.6c-.2-.1-.4-.2-.6-.2-1.3.2-2.5.8-3.4 1.8S1.2 4.9 1.1 6.2c0 .2 0 .4.2.6.1.1.3.2.5.2zm1.7 13.5c-1.7-1.7-2.5-3.7-2.5-6s.8-4.3 2.5-6L7 4.9c.5-.5 1.1-.7 1.8-.7s1.3.2 1.8.7l.2.2c.1.1.1.1.1.2l2.5-2.5c.5-.5 1.1-.7 1.8-.7s1.3.2 1.8.7c0 .1.1.2.1.2l.2.2c.5-.3 1-.5 1.6-.4.6 0 1.1.3 1.5.7.4.4.6.8.7 1.3.1.5 0 1-.2 1.5.1 0 .2.1.3.2.1.1.2.1.3.2.5.5.7 1.1.7 1.8s-.2 1.3-.7 1.8l-.4.4c.1 0 .1.1.2.1l.2.2c.5.5.7 1.1.7 1.8s-.2 1.3-.7 1.8l-6 6c-1.7 1.7-3.7 2.5-6 2.5s-4.3-1-6-2.6zm3.2-11L9.2 7c.1-.1.1-.2.1-.4 0-.1 0-.2-.1-.3s-.2-.1-.4-.1c-.1 0-.2.1-.3.1L4.9 9.9c-.6.6-1.1 1.4-1.4 2.2-.3.7-.5 1.5-.5 2.4s.2 1.6.5 2.5c.3.8.8 1.5 1.4 2.1s1.3 1.1 2.2 1.4 1.6.5 2.4.5c.8 0 1.6-.2 2.4-.5s1.5-.8 2.1-1.4l6-6c.1-.1.1-.2.1-.4 0-.1 0-.2-.1-.3-.1-.1-.2-.2-.4-.2-.1 0-.2.1-.3.2l-2.8 2.8c-.2.2-.4.3-.7.3-.3 0-.5-.1-.7-.3-.2-.2-.3-.5-.3-.7 0-.3.1-.5.3-.7L20 8.9c.1-.1.1-.2.1-.4s0-.3-.1-.4c0-.1-.1-.1-.2-.1s-.2 0-.3.1l-4.3 4.2c-.2.2-.4.3-.7.3s-.5-.1-.7-.3c-.2-.2-.3-.4-.3-.7 0-.3.1-.5.3-.7l5.3-5.3c.1-.1.1-.2.1-.3s0-.2-.1-.3c-.1-.1-.2-.2-.4-.2s-.2 0-.4.2L13 10.3c-.2.2-.4.3-.7.3s-.5-.1-.7-.3c-.2-.2-.3-.4-.3-.7s.1-.5.3-.7L15.5 5c.1-.1.1-.2.1-.4 0-.1-.1-.2-.1-.3-.1-.1-.2-.2-.3-.2s-.3.1-.4.2l-6.3 6.3c.3.7.4 1.5.3 2.2-.1.8-.3 1.5-.7 2.2-.2.3-.4.4-.7.4-.3 0-.6-.1-.9-.4-.1-.1-.2-.3-.2-.5s0-.4.1-.6c.2-.4.4-.9.4-1.4 0-.5-.1-1-.3-1.4-.1-.3-.2-.6-.2-.8.1-.4.2-.6.4-.8z\" fill=\"currentColor\" \/><\/svg><\/div><p class=\"value\">Fysisk deltakelse<\/p><\/div><\/div>\n<\/div>\n\n<\/div>\n<\/li><li class=\"t2-featured-content post-418 event type-event status-publish has-post-thumbnail hentry event-location-hafella\"><div class=\"t2-featured-template-post t2-featured-content is-post-type-event event-location-hafella wp-block-t2-featured-template-post\"><a class=\"t2-post-link event-image wp-block-t2-post-link\" href=\"https:\/\/www.downssyndrom.no\/trondelag-sor\/arrangementer\/sommeravslutning-pa-hafella\/\">\n<figure style=\"--t2-focal-point: 50% 50%;\" class=\"t2-post-featured-image has-image-ratio-4-3 wp-block-t2-post-featured-image\"><img loading=\"lazy\" decoding=\"async\" width=\"678\" height=\"381\" src=\"https:\/\/www.downssyndrom.no\/content\/uploads\/sites\/7\/2026\/03\/dyra-pa-bondegarden.jpg\" class=\"attachment-post-thumbnail size-post-thumbnail wp-post-image\" alt=\"\" srcset=\"https:\/\/www.downssyndrom.no\/content\/uploads\/sites\/7\/2026\/03\/dyra-pa-bondegarden.jpg 678w, https:\/\/www.downssyndrom.no\/content\/uploads\/sites\/7\/2026\/03\/dyra-pa-bondegarden-300x169.jpg 300w\" sizes=\"auto, (max-width: 678px) 100vw, 678px\" \/><\/figure>\n<div class=\"dekode-events-meta type-date wp-block-dekode-events-event-meta\"><div class=\"type-date\"><div class=\"icon\"><svg xmlns=\"http:\/\/www.w3.org\/2000\/svg\" viewBox=\"0 0 24 24\" height=\"24\" width=\"24\" class=\"t2-icon t2-icon-eventnote\" aria-hidden=\"true\" focusable=\"false\"><path d=\"M5 22c-.5 0-1-.2-1.4-.6S3 20.6 3 20V6c0-.6.2-1 .6-1.4S4.5 4 5 4h1V3c0-.3.1-.5.3-.7S6.7 2 7 2c.3 0 .5.1.7.3s.3.4.3.7v1h8V3c0-.3.1-.5.3-.7s.4-.3.7-.3.5.1.7.3c.2.2.3.4.3.7v1h1c.6 0 1 .2 1.4.6s.6.8.6 1.4v14c0 .6-.2 1-.6 1.4s-.8.6-1.4.6H5zm0-2h14V10H5v10zM5 8h14V6H5v2zm0 0V6v2zm3 6c-.3 0-.5-.1-.7-.3-.2-.2-.3-.4-.3-.7s.1-.5.3-.7c.2-.2.4-.3.7-.3h8c.3 0 .5.1.7.3.2.2.3.4.3.7s-.1.5-.3.7c-.2.2-.4.3-.7.3H8zm0 4c-.3 0-.5-.1-.7-.3-.2-.2-.3-.4-.3-.7s.1-.5.3-.7c.2-.2.4-.3.7-.3h5c.3 0 .5.1.7.3.2.2.3.4.3.7s-.1.5-.3.7c-.2.2-.4.3-.7.3H8z\" fill=\"currentColor\" \/><\/svg><\/div><p class=\"value\"><time datetime=\"2026-06-07 13:00:00\" class=\"date start\"><span class=\"date\"><span>07<\/span><span>jun<\/span><\/span><\/time><\/p><\/div><\/div>\n<\/a>\n<a class=\"t2-post-link post-title-link wp-block-t2-post-link\" href=\"https:\/\/www.downssyndrom.no\/trondelag-sor\/arrangementer\/sommeravslutning-pa-hafella\/\">\n<div class=\"t2-post-dynamic-part is-source-attribute attr-post_type wp-block-t2-post-dynamic-part\">Arrangement<\/div>\n<h3 class=\"t2-post-title wp-block-t2-post-title\">Sommeravslutning p\u00e5 Hafella<\/h3>\n\n<\/a>\n\n<div class=\"wp-block-group events-meta is-layout-flex wp-block-group-is-layout-flex\">\n\t<div class=\"dekode-events-meta type-location wp-block-dekode-events-event-meta\"><div class=\"type-location\"><div class=\"icon\"><svg xmlns=\"http:\/\/www.w3.org\/2000\/svg\" viewBox=\"0 0 24 24\" height=\"24\" width=\"24\" class=\"t2-icon t2-icon-locationon\" aria-hidden=\"true\" focusable=\"false\"><path d=\"M12 12c.6 0 1-.2 1.4-.6s.6-.8.6-1.4-.2-1-.6-1.4S12.6 8 12 8s-1 .2-1.4.6-.6.8-.6 1.4.2 1 .6 1.4.8.6 1.4.6zm0 7.4c2-1.9 3.5-3.6 4.5-5.1s1.5-2.9 1.5-4.1c0-1.8-.6-3.3-1.7-4.5S13.7 4 12 4s-3.1.6-4.3 1.7S6 8.4 6 10.2c0 1.2.5 2.5 1.5 4.1s2.5 3.2 4.5 5.1zm0 2.2c-.1 0-.3 0-.4-.1-.1-.1-.2-.1-.4-.2-2.4-2.1-4.2-4.1-5.4-6S4 11.8 4 10.2c0-2.5.8-4.5 2.4-6S9.9 2 12 2s4 .7 5.6 2.2 2.4 3.5 2.4 6c0 1.6-.6 3.3-1.8 5.2-1.2 1.8-3 3.8-5.5 6-.1.1-.2.1-.3.2H12z\" fill=\"currentColor\" \/><\/svg><\/div><p class=\"value\"><span class=\"location type-offline\" title=\"\">Hafella<\/span><\/p><\/div><\/div>\n\t<div class=\"dekode-events-meta type-type wp-block-dekode-events-event-meta\"><div class=\"type-type\"><div class=\"icon\"><svg xmlns=\"http:\/\/www.w3.org\/2000\/svg\" viewBox=\"0 0 24 24\" height=\"24\" width=\"24\" class=\"t2-icon t2-icon-wavinghand\" aria-hidden=\"true\" focusable=\"false\"><path d=\"M17.8 23c1.3-.2 2.5-.8 3.4-1.7 1-1 1.5-2.1 1.7-3.4 0-.2 0-.4-.2-.6s-.3-.3-.5-.3-.3.1-.5.2-.2.3-.2.5c-.1 1-.6 1.8-1.3 2.5s-1.5 1.1-2.5 1.3c-.2 0-.3.1-.5.3-.1.1-.2.2-.2.4s.1.4.2.6c.2.1.4.2.6.2zM1.8 7c.2 0 .3-.1.5-.2.1-.1.2-.3.3-.5.2-1 .6-1.8 1.3-2.5s1.5-1.1 2.5-1.3c.2 0 .3-.1.5-.3 0-.1.1-.2.1-.4s-.1-.4-.2-.6c-.2-.1-.4-.2-.6-.2-1.3.2-2.5.8-3.4 1.8S1.2 4.9 1.1 6.2c0 .2 0 .4.2.6.1.1.3.2.5.2zm1.7 13.5c-1.7-1.7-2.5-3.7-2.5-6s.8-4.3 2.5-6L7 4.9c.5-.5 1.1-.7 1.8-.7s1.3.2 1.8.7l.2.2c.1.1.1.1.1.2l2.5-2.5c.5-.5 1.1-.7 1.8-.7s1.3.2 1.8.7c0 .1.1.2.1.2l.2.2c.5-.3 1-.5 1.6-.4.6 0 1.1.3 1.5.7.4.4.6.8.7 1.3.1.5 0 1-.2 1.5.1 0 .2.1.3.2.1.1.2.1.3.2.5.5.7 1.1.7 1.8s-.2 1.3-.7 1.8l-.4.4c.1 0 .1.1.2.1l.2.2c.5.5.7 1.1.7 1.8s-.2 1.3-.7 1.8l-6 6c-1.7 1.7-3.7 2.5-6 2.5s-4.3-1-6-2.6zm3.2-11L9.2 7c.1-.1.1-.2.1-.4 0-.1 0-.2-.1-.3s-.2-.1-.4-.1c-.1 0-.2.1-.3.1L4.9 9.9c-.6.6-1.1 1.4-1.4 2.2-.3.7-.5 1.5-.5 2.4s.2 1.6.5 2.5c.3.8.8 1.5 1.4 2.1s1.3 1.1 2.2 1.4 1.6.5 2.4.5c.8 0 1.6-.2 2.4-.5s1.5-.8 2.1-1.4l6-6c.1-.1.1-.2.1-.4 0-.1 0-.2-.1-.3-.1-.1-.2-.2-.4-.2-.1 0-.2.1-.3.2l-2.8 2.8c-.2.2-.4.3-.7.3-.3 0-.5-.1-.7-.3-.2-.2-.3-.5-.3-.7 0-.3.1-.5.3-.7L20 8.9c.1-.1.1-.2.1-.4s0-.3-.1-.4c0-.1-.1-.1-.2-.1s-.2 0-.3.1l-4.3 4.2c-.2.2-.4.3-.7.3s-.5-.1-.7-.3c-.2-.2-.3-.4-.3-.7 0-.3.1-.5.3-.7l5.3-5.3c.1-.1.1-.2.1-.3s0-.2-.1-.3c-.1-.1-.2-.2-.4-.2s-.2 0-.4.2L13 10.3c-.2.2-.4.3-.7.3s-.5-.1-.7-.3c-.2-.2-.3-.4-.3-.7s.1-.5.3-.7L15.5 5c.1-.1.1-.2.1-.4 0-.1-.1-.2-.1-.3-.1-.1-.2-.2-.3-.2s-.3.1-.4.2l-6.3 6.3c.3.7.4 1.5.3 2.2-.1.8-.3 1.5-.7 2.2-.2.3-.4.4-.7.4-.3 0-.6-.1-.9-.4-.1-.1-.2-.3-.2-.5s0-.4.1-.6c.2-.4.4-.9.4-1.4 0-.5-.1-1-.3-1.4-.1-.3-.2-.6-.2-.8.1-.4.2-.6.4-.8z\" fill=\"currentColor\" \/><\/svg><\/div><p class=\"value\">Fysisk deltakelse<\/p><\/div><\/div>\n<\/div>\n\n<\/div>\n<\/li><\/ul><\/div>\n\n\n<div class=\"wp-block-buttons alignwide is-content-justification-right is-layout-flex wp-container-core-buttons-is-layout-d445cf74 wp-block-buttons-is-layout-flex\">\n<div class=\"wp-block-button is-style-link-button has-icon has-icon-arrowForward\"><a class=\"wp-block-button__link wp-element-button\" href=\"https:\/\/www.downssyndrom.no\/trondelag-sor\/arrangementer\/\">Se flere arrangementer i Tr\u00f8ndelag S\u00f8r<svg xmlns=\"http:\/\/www.w3.org\/2000\/svg\" viewBox=\"0 0 24 24\" height=\"24\" width=\"24\" class=\"t2-icon t2-icon-arrowforward\" aria-hidden=\"true\" focusable=\"false\"><path d=\"M11.3 19.3c-.2-.2-.3-.4-.3-.7 0-.3.1-.5.3-.7l4.9-4.9H5c-.3 0-.5-.1-.7-.3-.2-.2-.3-.4-.3-.7s.1-.5.3-.7c.2-.2.4-.3.7-.3h11.2l-4.9-4.9c-.2-.2-.3-.4-.3-.7 0-.3.1-.5.3-.7.2-.2.4-.3.7-.3s.5.1.7.3l6.6 6.6c.1.1.2.2.2.3 0 .1.1.3.1.4 0 .1 0 .3-.1.4 0 .1-.1.2-.2.3l-6.6 6.6c-.2.2-.4.3-.7.3s-.5-.1-.7-.3z\" fill=\"currentColor\" \/><\/svg><\/a><\/div>\n<\/div>\n<\/div>\n\n\n\n<div class=\"wp-block-columns alignwide is-layout-flex wp-container-core-columns-is-layout-28f84493 wp-block-columns-is-layout-flex\">\n<div class=\"wp-block-column is-layout-flow wp-block-column-is-layout-flow\">\n<h2 class=\"wp-block-heading\" id=\"h-stott-oss-ved-a-bli-grasrotgiver\">St\u00f8tt oss ved \u00e5 bli Grasrotgiver!<\/h2>\n\n\n\n<p>Du m\u00e5 v\u00e6re kunde hos Norsk Tipping for \u00e5 bli grasrotgiver. Du kan sende SMS Grasrotandelen \u00aborg.nr\u00bb (org nr= 991124608) til 2020 (tjenesten er gratis).<\/p>\n\n\n\n<div class=\"wp-block-buttons is-layout-flex wp-block-buttons-is-layout-flex\">\n<div class=\"wp-block-button has-icon has-icon-linkExternal\"><a class=\"wp-block-button__link wp-element-button\" href=\"https:\/\/www.norsk-tipping.no\/grasrotandelen\/din-mottaker\/991124608\" target=\"_blank\" rel=\"noreferrer noopener\">Les mer om \u00e5 bli Grasrotgiver<svg xmlns=\"http:\/\/www.w3.org\/2000\/svg\" viewBox=\"0 0 24 24\" height=\"24\" width=\"24\" class=\"t2-icon t2-icon-linkexternal\" aria-hidden=\"true\" focusable=\"false\"><path d=\"M5 21c-.5 0-1-.2-1.4-.6S3 19.6 3 19V5c0-.6.2-1 .6-1.4S4.5 3 5 3h6c.3 0 .5.1.7.3.2.2.3.4.3.7 0 .3-.1.5-.3.7-.2.2-.4.3-.7.3H5v14h14v-6c0-.3.1-.5.3-.7.2-.2.4-.3.7-.3s.5.1.7.3c.2.2.3.4.3.7v6c0 .6-.2 1-.6 1.4s-.8.6-1.4.6H5zm4-6c-.2-.2-.3-.4-.3-.7s.1-.5.3-.7L17.6 5H15c-.3 0-.5-.1-.7-.3-.2-.2-.3-.4-.3-.7 0-.3.1-.5.3-.7.2-.2.4-.3.7-.3h5c.3 0 .5.1.7.3.2.2.3.4.3.7v5c0 .3-.1.5-.3.7-.2.2-.4.3-.7.3s-.5-.1-.7-.3c-.2-.2-.3-.4-.3-.7V6.4L10.4 15c-.2.2-.4.3-.7.3s-.5-.1-.7-.3z\" fill=\"currentColor\" \/><\/svg><\/a><\/div>\n<\/div>\n<\/div>\n\n\n\n<div class=\"wp-block-column is-layout-flow wp-block-column-is-layout-flow\">\n<figure class=\"wp-block-image size-full\"><img loading=\"lazy\" decoding=\"async\" width=\"1000\" height=\"750\" src=\"https:\/\/www.downssyndrom.no\/content\/uploads\/sites\/7\/2024\/04\/Rockesokker-6-1.png\" alt=\"\" class=\"wp-image-108\" srcset=\"https:\/\/www.downssyndrom.no\/content\/uploads\/sites\/7\/2024\/04\/Rockesokker-6-1.png 1000w, https:\/\/www.downssyndrom.no\/content\/uploads\/sites\/7\/2024\/04\/Rockesokker-6-1-300x225.png 300w, https:\/\/www.downssyndrom.no\/content\/uploads\/sites\/7\/2024\/04\/Rockesokker-6-1-768x576.png 768w\" sizes=\"auto, (max-width: 1000px) 100vw, 1000px\" \/><\/figure>\n<\/div>\n<\/div>\n\n\n\n<div class=\"wp-block-columns alignwide is-layout-flex wp-container-core-columns-is-layout-28f84493 wp-block-columns-is-layout-flex\">\n<div class=\"wp-block-column is-layout-flow wp-block-column-is-layout-flow\">\n<figure class=\"wp-block-image size-large\"><img decoding=\"async\" src=\"https:\/\/www.downssyndrom.no\/content\/uploads\/sites\/4\/2024\/01\/VU_Kompetanse_Bildebank_Mars_2022_027-819x1024.jpg\" alt=\"Babyf\u00f8tter\" class=\"wp-image-1020\" style=\"aspect-ratio:4\/3;object-fit:cover\"\/><\/figure>\n<\/div>\n\n\n\n<div class=\"wp-block-column is-vertically-aligned-center is-layout-flow wp-block-column-is-layout-flow\">\n<h2 class=\"wp-block-heading\" id=\"kjaere-nybakte-foreldre\">Kj\u00e6re nybakte foreldre!<\/h2>\n\n\n\n<p>Velkommen til oss! Her kan du bli kjent med andre i samme situasjon, og f\u00e5 gode r\u00e5d fra noen som har barn et par \u00e5r eldre enn ditt.<\/p>\n\n\n\n<div class=\"wp-block-buttons is-layout-flex wp-block-buttons-is-layout-flex\">\n<div class=\"wp-block-button is-style-outline is-style-outline--1 has-icon has-icon-arrowForward\"><a class=\"wp-block-button__link wp-element-button\" href=\"https:\/\/www.downssyndrom.no\/trondelag-sor\/kontakt-oss\/\">Kontakt oss <svg xmlns=\"http:\/\/www.w3.org\/2000\/svg\" viewBox=\"0 0 24 24\" height=\"24\" width=\"24\" class=\"t2-icon t2-icon-arrowforward\" aria-hidden=\"true\" focusable=\"false\"><path d=\"M11.3 19.3c-.2-.2-.3-.4-.3-.7 0-.3.1-.5.3-.7l4.9-4.9H5c-.3 0-.5-.1-.7-.3-.2-.2-.3-.4-.3-.7s.1-.5.3-.7c.2-.2.4-.3.7-.3h11.2l-4.9-4.9c-.2-.2-.3-.4-.3-.7 0-.3.1-.5.3-.7.2-.2.4-.3.7-.3s.5.1.7.3l6.6 6.6c.1.1.2.2.2.3 0 .1.1.3.1.4 0 .1 0 .3-.1.4 0 .1-.1.2-.2.3l-6.6 6.6c-.2.2-.4.3-.7.3s-.5-.1-.7-.3z\" fill=\"currentColor\" \/><\/svg><\/a><\/div>\n<\/div>\n<\/div>\n<\/div>\n\n\n\n<div class=\"wp-block-group alignfull has-colombia-blue-block-background-color has-background has-global-padding is-layout-constrained wp-block-group-is-layout-constrained\">\n<h2 class=\"wp-block-heading\" id=\"h-venneklubben\">Venneklubben<\/h2>\n\n\n\n<p>Venneklubben er en klubb for ungdom med Downs syndrom fra 13 \u00e5r og oppover. Klubben m\u00f8tes en fredag i m\u00e5neden p\u00e5 Skansen aktivitetshus.<\/p>\n\n\n\n<div class=\"wp-block-buttons is-content-justification-right is-layout-flex wp-container-core-buttons-is-layout-d445cf74 wp-block-buttons-is-layout-flex\">\n<div class=\"wp-block-button is-style-link-button has-icon has-icon-arrowForward\"><a class=\"wp-block-button__link wp-element-button\" href=\"https:\/\/www.downssyndrom.no\/trondelag-sor\/venneklubben\/\">Les mer om Venneklubben<svg xmlns=\"http:\/\/www.w3.org\/2000\/svg\" viewBox=\"0 0 24 24\" height=\"24\" width=\"24\" class=\"t2-icon t2-icon-arrowforward\" aria-hidden=\"true\" focusable=\"false\"><path d=\"M11.3 19.3c-.2-.2-.3-.4-.3-.7 0-.3.1-.5.3-.7l4.9-4.9H5c-.3 0-.5-.1-.7-.3-.2-.2-.3-.4-.3-.7s.1-.5.3-.7c.2-.2.4-.3.7-.3h11.2l-4.9-4.9c-.2-.2-.3-.4-.3-.7 0-.3.1-.5.3-.7.2-.2.4-.3.7-.3s.5.1.7.3l6.6 6.6c.1.1.2.2.2.3 0 .1.1.3.1.4 0 .1 0 .3-.1.4 0 .1-.1.2-.2.3l-6.6 6.6c-.2.2-.4.3-.7.3s-.5-.1-.7-.3z\" fill=\"currentColor\" \/><\/svg><\/a><\/div>\n<\/div>\n<\/div>\n\n\n\n<div class=\"wp-block-columns alignwide is-layout-flex wp-container-core-columns-is-layout-28f84493 wp-block-columns-is-layout-flex\">\n<div class=\"wp-block-column is-vertically-aligned-center is-layout-flow wp-block-column-is-layout-flow\">\n<h2 class=\"wp-block-heading\" id=\"nyttige-lenker\">Nyttige lenker<\/h2>\n\n\n\n<p>Her har vi samlet noen lenker vi h\u00e5per kan v\u00e6re til nytte.<\/p>\n\n\n\n<div class=\"wp-block-buttons is-layout-flex wp-block-buttons-is-layout-flex\">\n<div class=\"wp-block-button is-style-outline is-style-outline--2 has-icon has-icon-arrowForward\"><a class=\"wp-block-button__link wp-element-button\" href=\"https:\/\/www.downssyndrom.no\/trondelag-sor\/nyttige-lenker\/\">Lenkene finner du her<svg xmlns=\"http:\/\/www.w3.org\/2000\/svg\" viewBox=\"0 0 24 24\" height=\"24\" width=\"24\" class=\"t2-icon t2-icon-arrowforward\" aria-hidden=\"true\" focusable=\"false\"><path d=\"M11.3 19.3c-.2-.2-.3-.4-.3-.7 0-.3.1-.5.3-.7l4.9-4.9H5c-.3 0-.5-.1-.7-.3-.2-.2-.3-.4-.3-.7s.1-.5.3-.7c.2-.2.4-.3.7-.3h11.2l-4.9-4.9c-.2-.2-.3-.4-.3-.7 0-.3.1-.5.3-.7.2-.2.4-.3.7-.3s.5.1.7.3l6.6 6.6c.1.1.2.2.2.3 0 .1.1.3.1.4 0 .1 0 .3-.1.4 0 .1-.1.2-.2.3l-6.6 6.6c-.2.2-.4.3-.7.3s-.5-.1-.7-.3z\" fill=\"currentColor\" \/><\/svg><\/a><\/div>\n<\/div>\n<\/div>\n\n\n\n<div class=\"wp-block-column is-layout-flow wp-block-column-is-layout-flow\">\n<figure class=\"wp-block-image size-large\"><img decoding=\"async\" src=\"https:\/\/www.downssyndrom.no\/content\/uploads\/sites\/4\/2024\/01\/IMG_4923-941x1024.jpeg\" alt=\"Jente som sitter ved PC\" class=\"wp-image-1008\" style=\"aspect-ratio:4\/3;object-fit:cover\"\/><\/figure>\n<\/div>\n<\/div>\n\n\n\n<div class=\"wp-block-columns alignwide is-layout-flex wp-container-core-columns-is-layout-28f84493 wp-block-columns-is-layout-flex\">\n<div class=\"wp-block-column is-layout-flow wp-block-column-is-layout-flow\">\n<figure class=\"wp-block-image size-large\"><img decoding=\"async\" src=\"https:\/\/www.downssyndrom.no\/content\/uploads\/sites\/4\/2024\/01\/IMG_5019-835x1024.jpeg\" alt=\"\" class=\"wp-image-989\" style=\"aspect-ratio:4\/3;object-fit:cover\"\/><\/figure>\n<\/div>\n\n\n\n<div class=\"wp-block-column is-vertically-aligned-center is-layout-flow wp-block-column-is-layout-flow\">\n<h2 class=\"wp-block-heading\" id=\"trenger-du-noen-a-snakke-med\">Trenger du noen \u00e5 snakke med?<\/h2>\n\n\n\n<p>Vil du snakke med en likeperson som har erfaring med hverdagslivet med Downs syndrom? Da er du velkommen til \u00e5 ringe inn til v\u00e5r likepersontelefon p\u00e5 tlf: 462 87 348.<\/p>\n\n\n\n<div class=\"wp-block-buttons is-layout-flex wp-block-buttons-is-layout-flex\">\n<div class=\"wp-block-button is-style-outline is-style-outline--3 has-icon has-icon-arrowOutward\"><a class=\"wp-block-button__link wp-element-button\" href=\"https:\/\/www.downssyndrom.no\/kontakt-oss\/likepersontelefon\/\">\u00c5pningstider og mer informasjon<svg xmlns=\"http:\/\/www.w3.org\/2000\/svg\" viewBox=\"0 0 24 24\" height=\"24\" width=\"24\" class=\"t2-icon t2-icon-arrowoutward\" aria-hidden=\"true\" focusable=\"false\"><path d=\"m16 8.398438-8.875 8.902343c-.199219.199219-.4375.300781-.710938.300781-.277343 0-.515624-.101562-.714843-.300781-.199219-.199219-.300781-.4375-.300781-.714843 0-.273438.101562-.511719.300781-.710938L14.601562 7H7c-.285156 0-.519531-.097656-.710938-.289062C6.097656 6.519531 6 6.285156 6 6c0-.285156.097656-.519531.289062-.710938C6.480469 5.097656 6.714844 5 7 5h10c.285156 0 .519531.097656.710938.289062C17.902344 5.480469 18 5.714844 18 6v10c0 .285156-.097656.519531-.289062.710938C17.519531 16.902344 17.285156 17 17 17c-.285156 0-.519531-.097656-.710938-.289062C16.097656 16.519531 16 16.285156 16 16Zm0 0\" fill=\"currentColor\" \/><\/svg><\/a><\/div>\n<\/div>\n<\/div>\n<\/div>\n","protected":false},"excerpt":{"rendered":"<p>Downs Syndrom Tr\u00f8ndelag S\u00f8r er et lokallag for medlemmer av Downs Syndrom Norge i omr\u00e5der s\u00f8r i Tr\u00f8ndelag.\u00a0<\/p>\n","protected":false},"author":1,"featured_media":277,"parent":0,"menu_order":0,"comment_status":"closed","ping_status":"open","template":"","meta":{"alternative_post_author":"","footnotes":""},"class_list":["post-2","page","type-page","status-publish","has-post-thumbnail","hentry"],"yoast_head":"<!-- This site is optimized with the Yoast SEO Premium plugin v26.4-RC2 (Yoast SEO v26.4-RC2) - https:\/\/yoast.com\/wordpress\/plugins\/seo\/ -->\n<title>Downs Syndrom Tr\u00f8ndelag S\u00f8r<\/title>\n<meta name=\"description\" content=\"Downs Syndrom Tr\u00f8ndelag S\u00f8r er et lokallag for medlemmer av Downs Syndrom Norge i omr\u00e5der s\u00f8r i Tr\u00f8ndelag.\u00a0\" \/>\n<meta name=\"robots\" content=\"index, follow, max-snippet:-1, max-image-preview:large, max-video-preview:-1\" \/>\n<link rel=\"canonical\" href=\"https:\/\/www.downssyndrom.no\/trondelag-sor\/\" \/>\n<meta property=\"og:locale\" content=\"nb_NO\" \/>\n<meta property=\"og:type\" content=\"article\" \/>\n<meta property=\"og:title\" content=\"Downs Syndrom Tr\u00f8ndelag S\u00f8r\" \/>\n<meta property=\"og:description\" content=\"Downs Syndrom Tr\u00f8ndelag S\u00f8r er et lokallag for medlemmer av Downs Syndrom Norge i omr\u00e5der s\u00f8r i Tr\u00f8ndelag.\u00a0\" \/>\n<meta property=\"og:url\" content=\"https:\/\/www.downssyndrom.no\/trondelag-sor\/\" \/>\n<meta property=\"og:site_name\" content=\"Downs Syndrom Tr\u00f8ndelag S\u00f8r\" \/>\n<meta property=\"article:modified_time\" content=\"2026-03-02T13:15:27+00:00\" \/>\n<meta property=\"og:image\" content=\"https:\/\/www.downssyndrom.no\/content\/uploads\/sites\/7\/2025\/03\/Pizzabiter-pa-rekke-og-rad.jpg\" \/>\n\t<meta property=\"og:image:width\" content=\"2079\" \/>\n\t<meta property=\"og:image:height\" content=\"975\" \/>\n\t<meta property=\"og:image:type\" content=\"image\/jpeg\" \/>\n<meta name=\"twitter:card\" content=\"summary_large_image\" \/>\n<meta name=\"twitter:label1\" content=\"Ansl. lesetid\" \/>\n\t<meta name=\"twitter:data1\" content=\"2 minutter\" \/>\n<script type=\"application\/ld+json\" class=\"yoast-schema-graph\">{\"@context\":\"https:\/\/schema.org\",\"@graph\":[{\"@type\":\"WebPage\",\"@id\":\"https:\/\/www.downssyndrom.no\/trondelag-sor\/\",\"url\":\"https:\/\/www.downssyndrom.no\/trondelag-sor\/\",\"name\":\"Downs Syndrom Tr\u00f8ndelag S\u00f8r\",\"isPartOf\":{\"@id\":\"https:\/\/www.downssyndrom.no\/trondelag-sor\/#website\"},\"primaryImageOfPage\":{\"@id\":\"https:\/\/www.downssyndrom.no\/trondelag-sor\/#primaryimage\"},\"image\":{\"@id\":\"https:\/\/www.downssyndrom.no\/trondelag-sor\/#primaryimage\"},\"thumbnailUrl\":\"https:\/\/www.downssyndrom.no\/content\/uploads\/sites\/7\/2025\/03\/Pizzabiter-pa-rekke-og-rad.jpg\",\"datePublished\":\"2024-02-21T12:34:46+00:00\",\"dateModified\":\"2026-03-02T13:15:27+00:00\",\"description\":\"Downs Syndrom Tr\u00f8ndelag S\u00f8r er et lokallag for medlemmer av Downs Syndrom Norge i omr\u00e5der s\u00f8r i Tr\u00f8ndelag.\u00a0\",\"breadcrumb\":{\"@id\":\"https:\/\/www.downssyndrom.no\/trondelag-sor\/#breadcrumb\"},\"inLanguage\":\"nb-NO\",\"potentialAction\":[{\"@type\":\"ReadAction\",\"target\":[\"https:\/\/www.downssyndrom.no\/trondelag-sor\/\"]}]},{\"@type\":\"ImageObject\",\"inLanguage\":\"nb-NO\",\"@id\":\"https:\/\/www.downssyndrom.no\/trondelag-sor\/#primaryimage\",\"url\":\"https:\/\/www.downssyndrom.no\/content\/uploads\/sites\/7\/2025\/03\/Pizzabiter-pa-rekke-og-rad.jpg\",\"contentUrl\":\"https:\/\/www.downssyndrom.no\/content\/uploads\/sites\/7\/2025\/03\/Pizzabiter-pa-rekke-og-rad.jpg\",\"width\":2079,\"height\":975},{\"@type\":\"BreadcrumbList\",\"@id\":\"https:\/\/www.downssyndrom.no\/trondelag-sor\/#breadcrumb\",\"itemListElement\":[{\"@type\":\"ListItem\",\"position\":1,\"name\":\"Hjem\",\"item\":\"https:\/\/www.downssyndrom.no\/trondelag-sor\/\"},{\"@type\":\"ListItem\",\"position\":2,\"name\":\"Downs Syndrom Tr\u00f8ndelag S\u00f8r\"}]},{\"@type\":\"WebSite\",\"@id\":\"https:\/\/www.downssyndrom.no\/trondelag-sor\/#website\",\"url\":\"https:\/\/www.downssyndrom.no\/trondelag-sor\/\",\"name\":\"Downs Syndrom Tr\u00f8ndelag S\u00f8r\",\"description\":\"\",\"publisher\":{\"@id\":\"https:\/\/www.downssyndrom.no\/trondelag-sor\/#organization\"},\"potentialAction\":[{\"@type\":\"SearchAction\",\"target\":{\"@type\":\"EntryPoint\",\"urlTemplate\":\"https:\/\/www.downssyndrom.no\/trondelag-sor\/?s={search_term_string}\"},\"query-input\":{\"@type\":\"PropertyValueSpecification\",\"valueRequired\":true,\"valueName\":\"search_term_string\"}}],\"inLanguage\":\"nb-NO\"},{\"@type\":\"Organization\",\"@id\":\"https:\/\/www.downssyndrom.no\/trondelag-sor\/#organization\",\"name\":\"Downs Syndrom Tr\u00f8ndelag S\u00f8r\",\"url\":\"https:\/\/www.downssyndrom.no\/trondelag-sor\/\",\"logo\":{\"@type\":\"ImageObject\",\"inLanguage\":\"nb-NO\",\"@id\":\"https:\/\/www.downssyndrom.no\/trondelag-sor\/#\/schema\/logo\/image\/\",\"url\":\"https:\/\/www.downssyndrom.no\/content\/uploads\/sites\/7\/2024\/03\/cropped-logo-downs-syndrom-trondelag-sor.png\",\"contentUrl\":\"https:\/\/www.downssyndrom.no\/content\/uploads\/sites\/7\/2024\/03\/cropped-logo-downs-syndrom-trondelag-sor.png\",\"width\":1523,\"height\":387,\"caption\":\"Downs Syndrom Tr\u00f8ndelag S\u00f8r\"},\"image\":{\"@id\":\"https:\/\/www.downssyndrom.no\/trondelag-sor\/#\/schema\/logo\/image\/\"}}]}<\/script>\n<!-- \/ Yoast SEO Premium plugin. -->","yoast_head_json":{"title":"Downs Syndrom Tr\u00f8ndelag S\u00f8r","description":"Downs Syndrom Tr\u00f8ndelag S\u00f8r er et lokallag for medlemmer av Downs Syndrom Norge i omr\u00e5der s\u00f8r i Tr\u00f8ndelag.\u00a0","robots":{"index":"index","follow":"follow","max-snippet":"max-snippet:-1","max-image-preview":"max-image-preview:large","max-video-preview":"max-video-preview:-1"},"canonical":"https:\/\/www.downssyndrom.no\/trondelag-sor\/","og_locale":"nb_NO","og_type":"article","og_title":"Downs Syndrom Tr\u00f8ndelag S\u00f8r","og_description":"Downs Syndrom Tr\u00f8ndelag S\u00f8r er et lokallag for medlemmer av Downs Syndrom Norge i omr\u00e5der s\u00f8r i Tr\u00f8ndelag.\u00a0","og_url":"https:\/\/www.downssyndrom.no\/trondelag-sor\/","og_site_name":"Downs Syndrom Tr\u00f8ndelag S\u00f8r","article_modified_time":"2026-03-02T13:15:27+00:00","og_image":[{"width":2079,"height":975,"url":"https:\/\/www.downssyndrom.no\/content\/uploads\/sites\/7\/2025\/03\/Pizzabiter-pa-rekke-og-rad.jpg","type":"image\/jpeg"}],"twitter_card":"summary_large_image","twitter_misc":{"Ansl. lesetid":"2 minutter"},"schema":{"@context":"https:\/\/schema.org","@graph":[{"@type":"WebPage","@id":"https:\/\/www.downssyndrom.no\/trondelag-sor\/","url":"https:\/\/www.downssyndrom.no\/trondelag-sor\/","name":"Downs Syndrom Tr\u00f8ndelag S\u00f8r","isPartOf":{"@id":"https:\/\/www.downssyndrom.no\/trondelag-sor\/#website"},"primaryImageOfPage":{"@id":"https:\/\/www.downssyndrom.no\/trondelag-sor\/#primaryimage"},"image":{"@id":"https:\/\/www.downssyndrom.no\/trondelag-sor\/#primaryimage"},"thumbnailUrl":"https:\/\/www.downssyndrom.no\/content\/uploads\/sites\/7\/2025\/03\/Pizzabiter-pa-rekke-og-rad.jpg","datePublished":"2024-02-21T12:34:46+00:00","dateModified":"2026-03-02T13:15:27+00:00","description":"Downs Syndrom Tr\u00f8ndelag S\u00f8r er et lokallag for medlemmer av Downs Syndrom Norge i omr\u00e5der s\u00f8r i Tr\u00f8ndelag.\u00a0","breadcrumb":{"@id":"https:\/\/www.downssyndrom.no\/trondelag-sor\/#breadcrumb"},"inLanguage":"nb-NO","potentialAction":[{"@type":"ReadAction","target":["https:\/\/www.downssyndrom.no\/trondelag-sor\/"]}]},{"@type":"ImageObject","inLanguage":"nb-NO","@id":"https:\/\/www.downssyndrom.no\/trondelag-sor\/#primaryimage","url":"https:\/\/www.downssyndrom.no\/content\/uploads\/sites\/7\/2025\/03\/Pizzabiter-pa-rekke-og-rad.jpg","contentUrl":"https:\/\/www.downssyndrom.no\/content\/uploads\/sites\/7\/2025\/03\/Pizzabiter-pa-rekke-og-rad.jpg","width":2079,"height":975},{"@type":"BreadcrumbList","@id":"https:\/\/www.downssyndrom.no\/trondelag-sor\/#breadcrumb","itemListElement":[{"@type":"ListItem","position":1,"name":"Hjem","item":"https:\/\/www.downssyndrom.no\/trondelag-sor\/"},{"@type":"ListItem","position":2,"name":"Downs Syndrom Tr\u00f8ndelag S\u00f8r"}]},{"@type":"WebSite","@id":"https:\/\/www.downssyndrom.no\/trondelag-sor\/#website","url":"https:\/\/www.downssyndrom.no\/trondelag-sor\/","name":"Downs Syndrom Tr\u00f8ndelag S\u00f8r","description":"","publisher":{"@id":"https:\/\/www.downssyndrom.no\/trondelag-sor\/#organization"},"potentialAction":[{"@type":"SearchAction","target":{"@type":"EntryPoint","urlTemplate":"https:\/\/www.downssyndrom.no\/trondelag-sor\/?s={search_term_string}"},"query-input":{"@type":"PropertyValueSpecification","valueRequired":true,"valueName":"search_term_string"}}],"inLanguage":"nb-NO"},{"@type":"Organization","@id":"https:\/\/www.downssyndrom.no\/trondelag-sor\/#organization","name":"Downs Syndrom Tr\u00f8ndelag S\u00f8r","url":"https:\/\/www.downssyndrom.no\/trondelag-sor\/","logo":{"@type":"ImageObject","inLanguage":"nb-NO","@id":"https:\/\/www.downssyndrom.no\/trondelag-sor\/#\/schema\/logo\/image\/","url":"https:\/\/www.downssyndrom.no\/content\/uploads\/sites\/7\/2024\/03\/cropped-logo-downs-syndrom-trondelag-sor.png","contentUrl":"https:\/\/www.downssyndrom.no\/content\/uploads\/sites\/7\/2024\/03\/cropped-logo-downs-syndrom-trondelag-sor.png","width":1523,"height":387,"caption":"Downs Syndrom Tr\u00f8ndelag S\u00f8r"},"image":{"@id":"https:\/\/www.downssyndrom.no\/trondelag-sor\/#\/schema\/logo\/image\/"}}]}},"_links":{"self":[{"href":"https:\/\/www.downssyndrom.no\/trondelag-sor\/wp-json\/wp\/v2\/pages\/2","targetHints":{"allow":["GET"]}}],"collection":[{"href":"https:\/\/www.downssyndrom.no\/trondelag-sor\/wp-json\/wp\/v2\/pages"}],"about":[{"href":"https:\/\/www.downssyndrom.no\/trondelag-sor\/wp-json\/wp\/v2\/types\/page"}],"author":[{"embeddable":true,"href":"https:\/\/www.downssyndrom.no\/trondelag-sor\/wp-json\/wp\/v2\/users\/1"}],"replies":[{"embeddable":true,"href":"https:\/\/www.downssyndrom.no\/trondelag-sor\/wp-json\/wp\/v2\/comments?post=2"}],"version-history":[{"count":5,"href":"https:\/\/www.downssyndrom.no\/trondelag-sor\/wp-json\/wp\/v2\/pages\/2\/revisions"}],"predecessor-version":[{"id":397,"href":"https:\/\/www.downssyndrom.no\/trondelag-sor\/wp-json\/wp\/v2\/pages\/2\/revisions\/397"}],"wp:featuredmedia":[{"embeddable":true,"href":"https:\/\/www.downssyndrom.no\/trondelag-sor\/wp-json\/wp\/v2\/media\/277"}],"wp:attachment":[{"href":"https:\/\/www.downssyndrom.no\/trondelag-sor\/wp-json\/wp\/v2\/media?parent=2"}],"curies":[{"name":"wp","href":"https:\/\/api.w.org\/{rel}","templated":true}]}}