{"id":918,"date":"2024-01-10T13:56:42","date_gmt":"2024-01-10T12:56:42","guid":{"rendered":"https:\/\/www.downssyndrom.no\/oslo\/?page_id=918"},"modified":"2024-04-08T22:42:36","modified_gmt":"2024-04-08T20:42:36","slug":"om-oss","status":"publish","type":"page","link":"https:\/\/www.downssyndrom.no\/oslo\/om-oss\/","title":{"rendered":"Om oss"},"content":{"rendered":"\n\t<div class=\"dsn-hero has-global-padding is-layout-constrained alignfull is-style-default wp-block-dsn-hero has-background has-gunmetal-background-color\">\n\t\t<div class=\"dsn-hero__content alignwide\">\n\t\t\t<div class=\"dsn-hero__blocks\">\n\t\t\t\t\n\n<h1 class=\"wp-block-heading\" id=\"om-oss\">Om oss<\/h1>\n\n\n<p class=\"t2-ingress wp-block-t2-ingress\">Downs Syndrom Oslo er en forening for familier til barn med Downs syndrom i Oslo og omegn. Vi har rundt 100 medlemsfamilier med barn i alle aldre.<\/p>\n\n\n<div class=\"wp-block-buttons is-layout-flex wp-block-buttons-is-layout-flex\">\n<div class=\"wp-block-button has-icon has-icon-arrowForward\"><a class=\"wp-block-button__link wp-element-button\" href=\"https:\/\/www.downssyndrom.no\/oslo\/medlem\/\">Bli medlem<svg xmlns=\"http:\/\/www.w3.org\/2000\/svg\" viewBox=\"0 0 24 24\" height=\"24\" width=\"24\" class=\"t2-icon t2-icon-arrowforward\" aria-hidden=\"true\" focusable=\"false\"><path d=\"M11.3 19.3c-.2-.2-.3-.4-.3-.7 0-.3.1-.5.3-.7l4.9-4.9H5c-.3 0-.5-.1-.7-.3-.2-.2-.3-.4-.3-.7s.1-.5.3-.7c.2-.2.4-.3.7-.3h11.2l-4.9-4.9c-.2-.2-.3-.4-.3-.7 0-.3.1-.5.3-.7.2-.2.4-.3.7-.3s.5.1.7.3l6.6 6.6c.1.1.2.2.2.3 0 .1.1.3.1.4 0 .1 0 .3-.1.4 0 .1-.1.2-.2.3l-6.6 6.6c-.2.2-.4.3-.7.3s-.5-.1-.7-.3z\" fill=\"currentColor\" \/><\/svg><\/a><\/div>\n\n\n\n<div class=\"wp-block-button is-style-outline is-style-outline--1 has-icon has-icon-arrowForward\"><a class=\"wp-block-button__link wp-element-button\" href=\"https:\/\/www.downssyndrom.no\/oslo\/aktiviteter\/\">Sjekk v\u00e5re aktiviteter<svg xmlns=\"http:\/\/www.w3.org\/2000\/svg\" viewBox=\"0 0 24 24\" height=\"24\" width=\"24\" class=\"t2-icon t2-icon-arrowforward\" aria-hidden=\"true\" focusable=\"false\"><path d=\"M11.3 19.3c-.2-.2-.3-.4-.3-.7 0-.3.1-.5.3-.7l4.9-4.9H5c-.3 0-.5-.1-.7-.3-.2-.2-.3-.4-.3-.7s.1-.5.3-.7c.2-.2.4-.3.7-.3h11.2l-4.9-4.9c-.2-.2-.3-.4-.3-.7 0-.3.1-.5.3-.7.2-.2.4-.3.7-.3s.5.1.7.3l6.6 6.6c.1.1.2.2.2.3 0 .1.1.3.1.4 0 .1 0 .3-.1.4 0 .1-.1.2-.2.3l-6.6 6.6c-.2.2-.4.3-.7.3s-.5-.1-.7-.3z\" fill=\"currentColor\" \/><\/svg><\/a><\/div>\n<\/div>\n\n\t\t\t<\/div>\n\t\t\t<img fetchpriority=\"high\" decoding=\"async\" width=\"1024\" height=\"888\" src=\"https:\/\/www.downssyndrom.no\/content\/uploads\/sites\/4\/2024\/01\/IMG_3791-klippet-1024x888.jpeg\" class=\"dsn-hero__image\" alt=\"Mor og datter som g\u00e5r i parade sammen med andre\" style=\"object-position: 77% 37%\" loading=\"eager\" \/>\t\t<\/div>\n\t<\/div>\n\t\n\n\n<h2 class=\"wp-block-heading\" id=\"om-downs-syndrom-oslo\">Om Downs Syndrom Oslo<\/h2>\n\n\n\n<p>Downs Syndrom Oslo er en forening for familier til barn med Downs syndrom i Oslo og omegn. Vi har rundt 100 medlemsfamilier med barn i alle aldre.<\/p>\n\n\n\n<h3 class=\"wp-block-heading\" id=\"et-lokallag-i-downs-syndrom-norge\">Et lokallag i Downs Syndrom Norge<\/h3>\n\n\n\n<p>Downs Syndrom Oslo er et lokallag som er en del av Downs Syndrom Norge (DSN) (tidligere Norsk Nettverk for Down syndrom, NNDS). <\/p>\n\n\n\n<p><em>Downs syndrom Oslo endret navn fra Ups &amp; Downs Oslo ved \u00e5rsm\u00f8tet i 2023. Downs Syndrom Norge endret navn fra Norsk Nettverk for Down syndrom ved landsm\u00f8tet i 2022. <\/em><\/p>\n\n\n\n\t\t<div class=\"t2-factbox wp-block-t2-factbox\" id=\"t2-factbox\">\n\t\t\t<div class=\"t2-factbox__content\">\n\t\t\t\t<div class=\"t2-factbox__blocks t2-factbox__inner-container is-layout-flow\">\n\t\t\t\t\t\n\n<h2 class=\"wp-block-heading\" id=\"mal-1\">M\u00e5l<\/h2>\n\n\n\n<p>Foreningens m\u00e5l er \u00e5 fremme sosial kontakt, og \u00e5 v\u00e6re et nettverk for v\u00e5re medlemmer gjennom faglige og sosiale aktiviteter.<\/p>\n\n\n\t\t\t\t<\/div>\n\t\t\t\t\n\t\t\t<\/div>\n\t\t\t\n\t\t<\/div>\n\n\n<div class=\"wp-block-group alignfull has-colombia-blue-background-color has-background has-global-padding is-layout-constrained wp-block-group-is-layout-constrained\">\n<div class=\"wp-block-media-text alignwide is-stacked-on-mobile\"><figure class=\"wp-block-media-text__media\"><img loading=\"lazy\" decoding=\"async\" width=\"1024\" height=\"888\" src=\"https:\/\/www.downssyndrom.no\/content\/uploads\/sites\/4\/2024\/01\/IMG_3791-klippet-1024x888.jpeg\" alt=\"Mor og datter som g\u00e5r i parade sammen med andre\" class=\"wp-image-983 size-full\" srcset=\"https:\/\/www.downssyndrom.no\/content\/uploads\/sites\/4\/2024\/01\/IMG_3791-klippet-1024x888.jpeg 1024w, https:\/\/www.downssyndrom.no\/content\/uploads\/sites\/4\/2024\/01\/IMG_3791-klippet-300x260.jpeg 300w, https:\/\/www.downssyndrom.no\/content\/uploads\/sites\/4\/2024\/01\/IMG_3791-klippet-768x666.jpeg 768w, https:\/\/www.downssyndrom.no\/content\/uploads\/sites\/4\/2024\/01\/IMG_3791-klippet-1536x1331.jpeg 1536w, https:\/\/www.downssyndrom.no\/content\/uploads\/sites\/4\/2024\/01\/IMG_3791-klippet.jpeg 1772w\" sizes=\"auto, (max-width: 1024px) 100vw, 1024px\" \/><\/figure><div class=\"wp-block-media-text__content\">\n<h2 class=\"wp-block-heading\" id=\"aktiviteter-for-medlemmer-1\">Aktiviteter for medlemmer<\/h2>\n\n\n\n<p>Vi arrangerer flere&nbsp;aktiviteter&nbsp;i l\u00f8pet av \u00e5ret. Blant annet juletrefest, overnattingstur med hele familien, foreldre og sm\u00e5barnstreff, ungdomsdisco og miniseminarer med temaer som skole, ern\u00e6ring, s\u00f8sken og mye mer.<\/p>\n\n\n\n<div class=\"wp-block-buttons is-layout-flex wp-block-buttons-is-layout-flex\">\n<div class=\"wp-block-button is-style-outline is-style-outline--2 has-icon has-icon-arrowForward\"><a class=\"wp-block-button__link wp-element-button\" href=\"https:\/\/www.downssyndrom.no\/oslo\/aktiviteter\/\">Se kommende arrangementer<svg xmlns=\"http:\/\/www.w3.org\/2000\/svg\" viewBox=\"0 0 24 24\" height=\"24\" width=\"24\" class=\"t2-icon t2-icon-arrowforward\" aria-hidden=\"true\" focusable=\"false\"><path d=\"M11.3 19.3c-.2-.2-.3-.4-.3-.7 0-.3.1-.5.3-.7l4.9-4.9H5c-.3 0-.5-.1-.7-.3-.2-.2-.3-.4-.3-.7s.1-.5.3-.7c.2-.2.4-.3.7-.3h11.2l-4.9-4.9c-.2-.2-.3-.4-.3-.7 0-.3.1-.5.3-.7.2-.2.4-.3.7-.3s.5.1.7.3l6.6 6.6c.1.1.2.2.2.3 0 .1.1.3.1.4 0 .1 0 .3-.1.4 0 .1-.1.2-.2.3l-6.6 6.6c-.2.2-.4.3-.7.3s-.5-.1-.7-.3z\" fill=\"currentColor\" \/><\/svg><\/a><\/div>\n<\/div>\n<\/div><\/div>\n<\/div>\n\n\n\n<h2 class=\"wp-block-heading\" id=\"vil-du-bli-medlem\">Vil du bli medlem?<\/h2>\n\n\n\n<p>Det koster bare 200 kroner i \u00e5ret for et medlemskap. Du blir medlem av begge foreningene, b\u00e5de Downs Syndrom Oslo og Downs Syndrom Norge, men betaler kun \u00e9n kontingent.<\/p>\n\n\n\n<p>Et medlemskap er viktig for at vi skal kunne arrangere aktiviteter. I tillegg gir hvert medlem i et av lokallagene viktig offentlig st\u00f8tte til landsorganisasjonen Downs Syndrom Norge.<\/p>\n\n\n\n<div class=\"wp-block-buttons is-layout-flex wp-block-buttons-is-layout-flex\">\n<div class=\"wp-block-button has-icon has-icon-arrowOutward\"><a class=\"wp-block-button__link wp-element-button\" href=\"https:\/\/www.downssyndrom.no\/bli-medlem\/\" target=\"_blank\" rel=\"noreferrer noopener\">Bli medlem her<svg xmlns=\"http:\/\/www.w3.org\/2000\/svg\" viewBox=\"0 0 24 24\" height=\"24\" width=\"24\" class=\"t2-icon t2-icon-arrowoutward\" aria-hidden=\"true\" focusable=\"false\"><path d=\"m16 8.398438-8.875 8.902343c-.199219.199219-.4375.300781-.710938.300781-.277343 0-.515624-.101562-.714843-.300781-.199219-.199219-.300781-.4375-.300781-.714843 0-.273438.101562-.511719.300781-.710938L14.601562 7H7c-.285156 0-.519531-.097656-.710938-.289062C6.097656 6.519531 6 6.285156 6 6c0-.285156.097656-.519531.289062-.710938C6.480469 5.097656 6.714844 5 7 5h10c.285156 0 .519531.097656.710938.289062C17.902344 5.480469 18 5.714844 18 6v10c0 .285156-.097656.519531-.289062.710938C17.519531 16.902344 17.285156 17 17 17c-.285156 0-.519531-.097656-.710938-.289062C16.097656 16.519531 16 16.285156 16 16Zm0 0\" fill=\"currentColor\" \/><\/svg><\/a><\/div>\n<\/div>\n\n\n\n<div class=\"wp-block-group alignfull has-colombia-blue-background-color has-background has-global-padding is-layout-constrained wp-block-group-is-layout-constrained\">\n<div class=\"wp-block-media-text alignwide has-media-on-the-right is-stacked-on-mobile is-style-default\" style=\"grid-template-columns:auto 36%\"><div class=\"wp-block-media-text__content\">\n<h2 class=\"wp-block-heading\" id=\"styret-vart\">Styret v\u00e5rt<\/h2>\n\n\n\n<p>Styret best\u00e5r av foreldre til personer med Downs syndrom i ulike alder.<\/p>\n\n\n\n<div class=\"wp-block-buttons is-layout-flex wp-block-buttons-is-layout-flex\">\n<div class=\"wp-block-button is-style-outline is-style-outline--3 has-icon has-icon-arrowForward\"><a class=\"wp-block-button__link wp-element-button\" href=\"https:\/\/www.downssyndrom.no\/oslo\/om-oss\/styret\/\">M\u00f8t styret v\u00e5rt<svg xmlns=\"http:\/\/www.w3.org\/2000\/svg\" viewBox=\"0 0 24 24\" height=\"24\" width=\"24\" class=\"t2-icon t2-icon-arrowforward\" aria-hidden=\"true\" focusable=\"false\"><path d=\"M11.3 19.3c-.2-.2-.3-.4-.3-.7 0-.3.1-.5.3-.7l4.9-4.9H5c-.3 0-.5-.1-.7-.3-.2-.2-.3-.4-.3-.7s.1-.5.3-.7c.2-.2.4-.3.7-.3h11.2l-4.9-4.9c-.2-.2-.3-.4-.3-.7 0-.3.1-.5.3-.7.2-.2.4-.3.7-.3s.5.1.7.3l6.6 6.6c.1.1.2.2.2.3 0 .1.1.3.1.4 0 .1 0 .3-.1.4 0 .1-.1.2-.2.3l-6.6 6.6c-.2.2-.4.3-.7.3s-.5-.1-.7-.3z\" fill=\"currentColor\" \/><\/svg><\/a><\/div>\n<\/div>\n<\/div><figure class=\"wp-block-media-text__media\"><img loading=\"lazy\" decoding=\"async\" width=\"1000\" height=\"750\" src=\"https:\/\/www.downssyndrom.no\/content\/uploads\/sites\/4\/2024\/04\/Rockesokker-6.png\" alt=\"\" class=\"wp-image-1554 size-full\" srcset=\"https:\/\/www.downssyndrom.no\/content\/uploads\/sites\/4\/2024\/04\/Rockesokker-6.png 1000w, https:\/\/www.downssyndrom.no\/content\/uploads\/sites\/4\/2024\/04\/Rockesokker-6-300x225.png 300w, https:\/\/www.downssyndrom.no\/content\/uploads\/sites\/4\/2024\/04\/Rockesokker-6-768x576.png 768w\" sizes=\"auto, (max-width: 1000px) 100vw, 1000px\" \/><\/figure><\/div>\n<\/div>\n\n\n\n<h2 class=\"wp-block-heading alignwide\" id=\"vedtekter\">Vedtekter<\/h2>\n\n\n<ul class=\"t2-link-list has-1-items has-1-columns alignwide wp-block-t2-link-list\">\n\t<li class=\"t2-link-list-item wp-block-t2-link-list-item\">\n\t\t<a\n\t\t\thref=\"https:\/\/www.downssyndrom.no\/oslo\/om-oss\/organisasjonen\/\"\n\t\t\tclass=\"t2-link-list-item__link t2-link-list__icon--right\"\n\t\t\t\t\t>\n\t\t\t<span class=\"t2-link-list-item__icon\"><span class=\"t2-link-list-item__icon-box\"><\/span><svg xmlns=\"http:\/\/www.w3.org\/2000\/svg\" viewBox=\"0 0 24 24\" height=\"24\" width=\"24\" class=\"t2-icon t2-icon-arrowforward\" aria-hidden=\"true\" focusable=\"false\"><path d=\"M11.3 19.3c-.2-.2-.3-.4-.3-.7 0-.3.1-.5.3-.7l4.9-4.9H5c-.3 0-.5-.1-.7-.3-.2-.2-.3-.4-.3-.7s.1-.5.3-.7c.2-.2.4-.3.7-.3h11.2l-4.9-4.9c-.2-.2-.3-.4-.3-.7 0-.3.1-.5.3-.7.2-.2.4-.3.7-.3s.5.1.7.3l6.6 6.6c.1.1.2.2.2.3 0 .1.1.3.1.4 0 .1 0 .3-.1.4 0 .1-.1.2-.2.3l-6.6 6.6c-.2.2-.4.3-.7.3s-.5-.1-.7-.3z\" fill=\"currentColor\" \/><\/svg><\/span>\t\t\t<div class=\"t2-link-list-item__content\">\n\n\t\t\t\t\n\t\t\t\t<span id=\"link-list-item-text\" class=\"t2-link-list-item__text\">\n\t\t\t\t\tVedtekter\t\t\t\t<\/span>\n\t\t\t\t\t\t\t<\/div>\n\t\t<\/a>\n\t<\/li>\n\t\n<\/ul>","protected":false},"excerpt":{"rendered":"","protected":false},"author":2,"featured_media":983,"parent":0,"menu_order":0,"comment_status":"closed","ping_status":"closed","template":"","meta":{"alternative_post_author":"","footnotes":""},"class_list":["post-918","page","type-page","status-publish","has-post-thumbnail","hentry"],"yoast_head":"<!-- This site is optimized with the Yoast SEO Premium plugin v26.4-RC2 (Yoast SEO v26.4-RC2) - https:\/\/yoast.com\/wordpress\/plugins\/seo\/ -->\n<title>Om oss - Downs Syndrom Oslo<\/title>\n<meta name=\"robots\" content=\"index, follow, max-snippet:-1, max-image-preview:large, max-video-preview:-1\" \/>\n<link rel=\"canonical\" href=\"https:\/\/www.downssyndrom.no\/oslo\/om-oss\/\" \/>\n<meta property=\"og:locale\" content=\"nb_NO\" \/>\n<meta property=\"og:type\" content=\"article\" \/>\n<meta property=\"og:title\" content=\"Om oss\" \/>\n<meta property=\"og:url\" content=\"https:\/\/www.downssyndrom.no\/oslo\/om-oss\/\" \/>\n<meta property=\"og:site_name\" content=\"Downs Syndrom Oslo\" \/>\n<meta property=\"article:modified_time\" content=\"2024-04-08T20:42:36+00:00\" \/>\n<meta property=\"og:image\" content=\"https:\/\/www.downssyndrom.no\/content\/uploads\/sites\/4\/2024\/01\/IMG_3791-klippet.jpeg\" \/>\n\t<meta property=\"og:image:width\" content=\"1772\" \/>\n\t<meta property=\"og:image:height\" content=\"1536\" \/>\n\t<meta property=\"og:image:type\" content=\"image\/jpeg\" \/>\n<meta name=\"twitter:card\" content=\"summary_large_image\" \/>\n<meta name=\"twitter:label1\" content=\"Ansl. lesetid\" \/>\n\t<meta name=\"twitter:data1\" content=\"2 minutter\" \/>\n<script type=\"application\/ld+json\" class=\"yoast-schema-graph\">{\"@context\":\"https:\/\/schema.org\",\"@graph\":[{\"@type\":\"WebPage\",\"@id\":\"https:\/\/www.downssyndrom.no\/oslo\/om-oss\/\",\"url\":\"https:\/\/www.downssyndrom.no\/oslo\/om-oss\/\",\"name\":\"Om oss - Downs Syndrom Oslo\",\"isPartOf\":{\"@id\":\"https:\/\/www.downssyndrom.no\/oslo\/#website\"},\"primaryImageOfPage\":{\"@id\":\"https:\/\/www.downssyndrom.no\/oslo\/om-oss\/#primaryimage\"},\"image\":{\"@id\":\"https:\/\/www.downssyndrom.no\/oslo\/om-oss\/#primaryimage\"},\"thumbnailUrl\":\"https:\/\/www.downssyndrom.no\/content\/uploads\/sites\/4\/2024\/01\/IMG_3791-klippet.jpeg\",\"datePublished\":\"2024-01-10T12:56:42+00:00\",\"dateModified\":\"2024-04-08T20:42:36+00:00\",\"breadcrumb\":{\"@id\":\"https:\/\/www.downssyndrom.no\/oslo\/om-oss\/#breadcrumb\"},\"inLanguage\":\"nb-NO\",\"potentialAction\":[{\"@type\":\"ReadAction\",\"target\":[\"https:\/\/www.downssyndrom.no\/oslo\/om-oss\/\"]}]},{\"@type\":\"ImageObject\",\"inLanguage\":\"nb-NO\",\"@id\":\"https:\/\/www.downssyndrom.no\/oslo\/om-oss\/#primaryimage\",\"url\":\"https:\/\/www.downssyndrom.no\/content\/uploads\/sites\/4\/2024\/01\/IMG_3791-klippet.jpeg\",\"contentUrl\":\"https:\/\/www.downssyndrom.no\/content\/uploads\/sites\/4\/2024\/01\/IMG_3791-klippet.jpeg\",\"width\":1772,\"height\":1536,\"caption\":\"Mor og datter som g\u00e5r i parade sammen med andre\"},{\"@type\":\"BreadcrumbList\",\"@id\":\"https:\/\/www.downssyndrom.no\/oslo\/om-oss\/#breadcrumb\",\"itemListElement\":[{\"@type\":\"ListItem\",\"position\":1,\"name\":\"Hjem\",\"item\":\"https:\/\/www.downssyndrom.no\/oslo\/\"},{\"@type\":\"ListItem\",\"position\":2,\"name\":\"Om oss\"}]},{\"@type\":\"WebSite\",\"@id\":\"https:\/\/www.downssyndrom.no\/oslo\/#website\",\"url\":\"https:\/\/www.downssyndrom.no\/oslo\/\",\"name\":\"Downs Syndrom Oslo\",\"description\":\"\",\"publisher\":{\"@id\":\"https:\/\/www.downssyndrom.no\/oslo\/#organization\"},\"potentialAction\":[{\"@type\":\"SearchAction\",\"target\":{\"@type\":\"EntryPoint\",\"urlTemplate\":\"https:\/\/www.downssyndrom.no\/oslo\/?s={search_term_string}\"},\"query-input\":{\"@type\":\"PropertyValueSpecification\",\"valueRequired\":true,\"valueName\":\"search_term_string\"}}],\"inLanguage\":\"nb-NO\"},{\"@type\":\"Organization\",\"@id\":\"https:\/\/www.downssyndrom.no\/oslo\/#organization\",\"name\":\"Downs Syndrom Oslo\",\"url\":\"https:\/\/www.downssyndrom.no\/oslo\/\",\"logo\":{\"@type\":\"ImageObject\",\"inLanguage\":\"nb-NO\",\"@id\":\"https:\/\/www.downssyndrom.no\/oslo\/#\/schema\/logo\/image\/\",\"url\":\"https:\/\/www.downssyndrom.no\/content\/uploads\/sites\/4\/2024\/03\/cropped-logo-downs-syndrom-oslo.png\",\"contentUrl\":\"https:\/\/www.downssyndrom.no\/content\/uploads\/sites\/4\/2024\/03\/cropped-logo-downs-syndrom-oslo.png\",\"width\":1478,\"height\":386,\"caption\":\"Downs Syndrom Oslo\"},\"image\":{\"@id\":\"https:\/\/www.downssyndrom.no\/oslo\/#\/schema\/logo\/image\/\"}}]}<\/script>\n<!-- \/ Yoast SEO Premium plugin. -->","yoast_head_json":{"title":"Om oss - Downs Syndrom Oslo","robots":{"index":"index","follow":"follow","max-snippet":"max-snippet:-1","max-image-preview":"max-image-preview:large","max-video-preview":"max-video-preview:-1"},"canonical":"https:\/\/www.downssyndrom.no\/oslo\/om-oss\/","og_locale":"nb_NO","og_type":"article","og_title":"Om oss","og_url":"https:\/\/www.downssyndrom.no\/oslo\/om-oss\/","og_site_name":"Downs Syndrom Oslo","article_modified_time":"2024-04-08T20:42:36+00:00","og_image":[{"width":1772,"height":1536,"url":"https:\/\/www.downssyndrom.no\/content\/uploads\/sites\/4\/2024\/01\/IMG_3791-klippet.jpeg","type":"image\/jpeg"}],"twitter_card":"summary_large_image","twitter_misc":{"Ansl. lesetid":"2 minutter"},"schema":{"@context":"https:\/\/schema.org","@graph":[{"@type":"WebPage","@id":"https:\/\/www.downssyndrom.no\/oslo\/om-oss\/","url":"https:\/\/www.downssyndrom.no\/oslo\/om-oss\/","name":"Om oss - Downs Syndrom Oslo","isPartOf":{"@id":"https:\/\/www.downssyndrom.no\/oslo\/#website"},"primaryImageOfPage":{"@id":"https:\/\/www.downssyndrom.no\/oslo\/om-oss\/#primaryimage"},"image":{"@id":"https:\/\/www.downssyndrom.no\/oslo\/om-oss\/#primaryimage"},"thumbnailUrl":"https:\/\/www.downssyndrom.no\/content\/uploads\/sites\/4\/2024\/01\/IMG_3791-klippet.jpeg","datePublished":"2024-01-10T12:56:42+00:00","dateModified":"2024-04-08T20:42:36+00:00","breadcrumb":{"@id":"https:\/\/www.downssyndrom.no\/oslo\/om-oss\/#breadcrumb"},"inLanguage":"nb-NO","potentialAction":[{"@type":"ReadAction","target":["https:\/\/www.downssyndrom.no\/oslo\/om-oss\/"]}]},{"@type":"ImageObject","inLanguage":"nb-NO","@id":"https:\/\/www.downssyndrom.no\/oslo\/om-oss\/#primaryimage","url":"https:\/\/www.downssyndrom.no\/content\/uploads\/sites\/4\/2024\/01\/IMG_3791-klippet.jpeg","contentUrl":"https:\/\/www.downssyndrom.no\/content\/uploads\/sites\/4\/2024\/01\/IMG_3791-klippet.jpeg","width":1772,"height":1536,"caption":"Mor og datter som g\u00e5r i parade sammen med andre"},{"@type":"BreadcrumbList","@id":"https:\/\/www.downssyndrom.no\/oslo\/om-oss\/#breadcrumb","itemListElement":[{"@type":"ListItem","position":1,"name":"Hjem","item":"https:\/\/www.downssyndrom.no\/oslo\/"},{"@type":"ListItem","position":2,"name":"Om oss"}]},{"@type":"WebSite","@id":"https:\/\/www.downssyndrom.no\/oslo\/#website","url":"https:\/\/www.downssyndrom.no\/oslo\/","name":"Downs Syndrom Oslo","description":"","publisher":{"@id":"https:\/\/www.downssyndrom.no\/oslo\/#organization"},"potentialAction":[{"@type":"SearchAction","target":{"@type":"EntryPoint","urlTemplate":"https:\/\/www.downssyndrom.no\/oslo\/?s={search_term_string}"},"query-input":{"@type":"PropertyValueSpecification","valueRequired":true,"valueName":"search_term_string"}}],"inLanguage":"nb-NO"},{"@type":"Organization","@id":"https:\/\/www.downssyndrom.no\/oslo\/#organization","name":"Downs Syndrom Oslo","url":"https:\/\/www.downssyndrom.no\/oslo\/","logo":{"@type":"ImageObject","inLanguage":"nb-NO","@id":"https:\/\/www.downssyndrom.no\/oslo\/#\/schema\/logo\/image\/","url":"https:\/\/www.downssyndrom.no\/content\/uploads\/sites\/4\/2024\/03\/cropped-logo-downs-syndrom-oslo.png","contentUrl":"https:\/\/www.downssyndrom.no\/content\/uploads\/sites\/4\/2024\/03\/cropped-logo-downs-syndrom-oslo.png","width":1478,"height":386,"caption":"Downs Syndrom Oslo"},"image":{"@id":"https:\/\/www.downssyndrom.no\/oslo\/#\/schema\/logo\/image\/"}}]}},"_links":{"self":[{"href":"https:\/\/www.downssyndrom.no\/oslo\/wp-json\/wp\/v2\/pages\/918","targetHints":{"allow":["GET"]}}],"collection":[{"href":"https:\/\/www.downssyndrom.no\/oslo\/wp-json\/wp\/v2\/pages"}],"about":[{"href":"https:\/\/www.downssyndrom.no\/oslo\/wp-json\/wp\/v2\/types\/page"}],"author":[{"embeddable":true,"href":"https:\/\/www.downssyndrom.no\/oslo\/wp-json\/wp\/v2\/users\/2"}],"replies":[{"embeddable":true,"href":"https:\/\/www.downssyndrom.no\/oslo\/wp-json\/wp\/v2\/comments?post=918"}],"version-history":[{"count":6,"href":"https:\/\/www.downssyndrom.no\/oslo\/wp-json\/wp\/v2\/pages\/918\/revisions"}],"predecessor-version":[{"id":1698,"href":"https:\/\/www.downssyndrom.no\/oslo\/wp-json\/wp\/v2\/pages\/918\/revisions\/1698"}],"wp:featuredmedia":[{"embeddable":true,"href":"https:\/\/www.downssyndrom.no\/oslo\/wp-json\/wp\/v2\/media\/983"}],"wp:attachment":[{"href":"https:\/\/www.downssyndrom.no\/oslo\/wp-json\/wp\/v2\/media?parent=918"}],"curies":[{"name":"wp","href":"https:\/\/api.w.org\/{rel}","templated":true}]}}