{"id":1238,"date":"2024-02-22T11:31:21","date_gmt":"2024-02-22T10:31:21","guid":{"rendered":"https:\/\/www.downssyndrom.no\/oslo\/?post_type=event&#038;p=1238"},"modified":"2026-03-09T21:55:36","modified_gmt":"2026-03-09T20:55:36","slug":"vi-vil-lekene","status":"publish","type":"event","link":"https:\/\/www.downssyndrom.no\/oslo\/arrangementer\/vi-vil-lekene\/","title":{"rendered":"Vivil-lekene"},"content":{"rendered":"<h1 class=\"wp-block-post-title\">Vivil-lekene<\/h1>\n\n<p class=\"t2-ingress wp-block-t2-ingress\">Idrettsforeningen Vivil IL inviterer til sitt \u00e5rlig arrangement med friidrett, boccia, sv\u00f8mming, h\u00e5ndball- og fotballturnering  <\/p>\n\n\n<p>Arrangementet er for ut\u00f8vere med funksjonsnedsettelser og arrangeres i B\u00e6rum idrettspark p\u00e5 Rud i B\u00e6rum. Vivil-lekene er en morsom helg full av aktiviteter, glede og gode&nbsp;sportslige prestasjoner!<\/p>\n\n\n\n<p> <a href=\"https:\/\/vivillekene.no\/\">Mer informasjon her<\/a><\/p>\n\n\n\n<figure class=\"wp-block-image size-large\"><div class=\"t2-image-credit-wrapper\"><img loading=\"lazy\" decoding=\"async\" width=\"1024\" height=\"683\" src=\"https:\/\/www.downssyndrom.no\/content\/uploads\/sites\/4\/2025\/03\/VivilLekene-1024x683.jpg\" alt=\"\" class=\"wp-image-1970\" srcset=\"https:\/\/www.downssyndrom.no\/content\/uploads\/sites\/4\/2025\/03\/VivilLekene-1024x683.jpg 1024w, https:\/\/www.downssyndrom.no\/content\/uploads\/sites\/4\/2025\/03\/VivilLekene-300x200.jpg 300w, https:\/\/www.downssyndrom.no\/content\/uploads\/sites\/4\/2025\/03\/VivilLekene-768x512.jpg 768w, https:\/\/www.downssyndrom.no\/content\/uploads\/sites\/4\/2025\/03\/VivilLekene.jpg 1200w\" sizes=\"auto, (max-width: 1024px) 100vw, 1024px\" \/><span class=\"t2-image-credit\">\n\t\t\t<span class=\"t2-image-credit-text wp-element-caption\">Vivil<\/span>\n\t\t<\/span><\/div><\/figure>\n\n\n\n<div class=\"wp-block-group is-vertical is-layout-flex wp-container-core-group-is-layout-fe9cc265 wp-block-group-is-layout-flex\"><div class=\"dekode-events-info wp-block-dekode-events-event-info\"><ul class=\"event-info-items\"><li class=\"type-location\"><div class=\"icon\"><svg xmlns=\"http:\/\/www.w3.org\/2000\/svg\" viewBox=\"0 0 24 24\" height=\"24\" width=\"24\" class=\"t2-icon t2-icon-locationon\" aria-hidden=\"true\" focusable=\"false\"><path d=\"M12 12c.6 0 1-.2 1.4-.6s.6-.8.6-1.4-.2-1-.6-1.4S12.6 8 12 8s-1 .2-1.4.6-.6.8-.6 1.4.2 1 .6 1.4.8.6 1.4.6zm0 7.4c2-1.9 3.5-3.6 4.5-5.1s1.5-2.9 1.5-4.1c0-1.8-.6-3.3-1.7-4.5S13.7 4 12 4s-3.1.6-4.3 1.7S6 8.4 6 10.2c0 1.2.5 2.5 1.5 4.1s2.5 3.2 4.5 5.1zm0 2.2c-.1 0-.3 0-.4-.1-.1-.1-.2-.1-.4-.2-2.4-2.1-4.2-4.1-5.4-6S4 11.8 4 10.2c0-2.5.8-4.5 2.4-6S9.9 2 12 2s4 .7 5.6 2.2 2.4 3.5 2.4 6c0 1.6-.6 3.3-1.8 5.2-1.2 1.8-3 3.8-5.5 6-.1.1-.2.1-.3.2H12z\" fill=\"currentColor\" \/><\/svg><\/div><p class=\"label\">Lokasjon<\/p><p class=\"value\"><span class=\"location type-offline\" title=\"\">Nadderud stadion<\/span><\/p><\/li><li class=\"type-date\"><div class=\"icon\"><svg xmlns=\"http:\/\/www.w3.org\/2000\/svg\" viewBox=\"0 0 24 24\" height=\"24\" width=\"24\" class=\"t2-icon t2-icon-eventnote\" aria-hidden=\"true\" focusable=\"false\"><path d=\"M5 22c-.5 0-1-.2-1.4-.6S3 20.6 3 20V6c0-.6.2-1 .6-1.4S4.5 4 5 4h1V3c0-.3.1-.5.3-.7S6.7 2 7 2c.3 0 .5.1.7.3s.3.4.3.7v1h8V3c0-.3.1-.5.3-.7s.4-.3.7-.3.5.1.7.3c.2.2.3.4.3.7v1h1c.6 0 1 .2 1.4.6s.6.8.6 1.4v14c0 .6-.2 1-.6 1.4s-.8.6-1.4.6H5zm0-2h14V10H5v10zM5 8h14V6H5v2zm0 0V6v2zm3 6c-.3 0-.5-.1-.7-.3-.2-.2-.3-.4-.3-.7s.1-.5.3-.7c.2-.2.4-.3.7-.3h8c.3 0 .5.1.7.3.2.2.3.4.3.7s-.1.5-.3.7c-.2.2-.4.3-.7.3H8zm0 4c-.3 0-.5-.1-.7-.3-.2-.2-.3-.4-.3-.7s.1-.5.3-.7c.2-.2.4-.3.7-.3h5c.3 0 .5.1.7.3.2.2.3.4.3.7s-.1.5-.3.7c-.2.2-.4.3-.7.3H8z\" fill=\"currentColor\" \/><\/svg><\/div><p class=\"label\">Dato<\/p><p class=\"value\"><time datetime=\"2026-05-29 17:30:00\" class=\"date start\">Fra <span class=\"date\">29. mai 2026<\/span> <span class=\"time\">17:30<\/span><\/time><time datetime=\"2026-05-31 15:00:00\" class=\"date end\"> til <span class=\"date\">31. mai 2026<\/span> <span class=\"time\">15:00<\/span><\/time><\/p><\/li><li class=\"type-type\"><div class=\"icon\"><svg xmlns=\"http:\/\/www.w3.org\/2000\/svg\" viewBox=\"0 0 24 24\" height=\"24\" width=\"24\" class=\"t2-icon t2-icon-wavinghand\" aria-hidden=\"true\" focusable=\"false\"><path d=\"M17.8 23c1.3-.2 2.5-.8 3.4-1.7 1-1 1.5-2.1 1.7-3.4 0-.2 0-.4-.2-.6s-.3-.3-.5-.3-.3.1-.5.2-.2.3-.2.5c-.1 1-.6 1.8-1.3 2.5s-1.5 1.1-2.5 1.3c-.2 0-.3.1-.5.3-.1.1-.2.2-.2.4s.1.4.2.6c.2.1.4.2.6.2zM1.8 7c.2 0 .3-.1.5-.2.1-.1.2-.3.3-.5.2-1 .6-1.8 1.3-2.5s1.5-1.1 2.5-1.3c.2 0 .3-.1.5-.3 0-.1.1-.2.1-.4s-.1-.4-.2-.6c-.2-.1-.4-.2-.6-.2-1.3.2-2.5.8-3.4 1.8S1.2 4.9 1.1 6.2c0 .2 0 .4.2.6.1.1.3.2.5.2zm1.7 13.5c-1.7-1.7-2.5-3.7-2.5-6s.8-4.3 2.5-6L7 4.9c.5-.5 1.1-.7 1.8-.7s1.3.2 1.8.7l.2.2c.1.1.1.1.1.2l2.5-2.5c.5-.5 1.1-.7 1.8-.7s1.3.2 1.8.7c0 .1.1.2.1.2l.2.2c.5-.3 1-.5 1.6-.4.6 0 1.1.3 1.5.7.4.4.6.8.7 1.3.1.5 0 1-.2 1.5.1 0 .2.1.3.2.1.1.2.1.3.2.5.5.7 1.1.7 1.8s-.2 1.3-.7 1.8l-.4.4c.1 0 .1.1.2.1l.2.2c.5.5.7 1.1.7 1.8s-.2 1.3-.7 1.8l-6 6c-1.7 1.7-3.7 2.5-6 2.5s-4.3-1-6-2.6zm3.2-11L9.2 7c.1-.1.1-.2.1-.4 0-.1 0-.2-.1-.3s-.2-.1-.4-.1c-.1 0-.2.1-.3.1L4.9 9.9c-.6.6-1.1 1.4-1.4 2.2-.3.7-.5 1.5-.5 2.4s.2 1.6.5 2.5c.3.8.8 1.5 1.4 2.1s1.3 1.1 2.2 1.4 1.6.5 2.4.5c.8 0 1.6-.2 2.4-.5s1.5-.8 2.1-1.4l6-6c.1-.1.1-.2.1-.4 0-.1 0-.2-.1-.3-.1-.1-.2-.2-.4-.2-.1 0-.2.1-.3.2l-2.8 2.8c-.2.2-.4.3-.7.3-.3 0-.5-.1-.7-.3-.2-.2-.3-.5-.3-.7 0-.3.1-.5.3-.7L20 8.9c.1-.1.1-.2.1-.4s0-.3-.1-.4c0-.1-.1-.1-.2-.1s-.2 0-.3.1l-4.3 4.2c-.2.2-.4.3-.7.3s-.5-.1-.7-.3c-.2-.2-.3-.4-.3-.7 0-.3.1-.5.3-.7l5.3-5.3c.1-.1.1-.2.1-.3s0-.2-.1-.3c-.1-.1-.2-.2-.4-.2s-.2 0-.4.2L13 10.3c-.2.2-.4.3-.7.3s-.5-.1-.7-.3c-.2-.2-.3-.4-.3-.7s.1-.5.3-.7L15.5 5c.1-.1.1-.2.1-.4 0-.1-.1-.2-.1-.3-.1-.1-.2-.2-.3-.2s-.3.1-.4.2l-6.3 6.3c.3.7.4 1.5.3 2.2-.1.8-.3 1.5-.7 2.2-.2.3-.4.4-.7.4-.3 0-.6-.1-.9-.4-.1-.1-.2-.3-.2-.5s0-.4.1-.6c.2-.4.4-.9.4-1.4 0-.5-.1-1-.3-1.4-.1-.3-.2-.6-.2-.8.1-.4.2-.6.4-.8z\" fill=\"currentColor\" \/><\/svg><\/div><p class=\"label\">Type<\/p><p class=\"value\">Fysisk deltakelse<\/p><\/li><\/ul>\n\t\t\t\t<div class=\"wp-block-buttons is-layout-flex wp-block-buttons-is-layout-flex\">\n\t\t\t\t\t\n\t\t\t\t\t<div class=\"wp-block-button\">\n\t\t\t\t\t\t<a class=\"wp-block-button__link wp-element-button\" href=\"https:\/\/pamelding.vivillekene.no\/\" target=\"_blank\" rel=\"noopener noreferrer\">P\u00e5melding innen 6. mai<\/a>\n\t\t\t\t\t<\/div>\n\t\t\t\t\t\n\t\t\t\t<\/div>\n\t\t\t\t<\/div>\n\n\n<p><\/p>\n<\/div>\n","protected":false},"excerpt":{"rendered":"","protected":false},"featured_media":1970,"template":"","meta":{"event_all_day":false,"event_start_datetime":"2026-05-29T17:30:00","event_end_datetime":"2026-05-31T15:00:00","event_registration_mode":"external","event_registration_form":"","event_ticket_vendor_url":"https:\/\/pamelding.vivillekene.no\/","event_ticket_price_text":"","event_attendance_mode":"offline","event_virtual_venue_name":"","event_virtual_venue_url":"","event_supports_capacity":false,"event_capacity":0,"event_registrations_count":0,"footnotes":""},"event-location":[35],"event-category":[33],"class_list":["post-1238","event","type-event","status-publish","has-post-thumbnail","hentry","event-location-nadderud-stadion","event-category-idrettsarrangement"],"yoast_head":"<!-- This site is optimized with the Yoast SEO Premium plugin v26.4-RC2 (Yoast SEO v26.4-RC2) - https:\/\/yoast.com\/wordpress\/plugins\/seo\/ -->\n<title>Vivil-lekene - Downs Syndrom Oslo<\/title>\n<meta name=\"robots\" content=\"index, follow, max-snippet:-1, max-image-preview:large, max-video-preview:-1\" \/>\n<link rel=\"canonical\" href=\"https:\/\/www.downssyndrom.no\/oslo\/arrangementer\/vi-vil-lekene\/\" \/>\n<meta property=\"og:locale\" content=\"nb_NO\" \/>\n<meta property=\"og:type\" content=\"article\" \/>\n<meta property=\"og:title\" content=\"Vivil-lekene\" \/>\n<meta property=\"og:url\" content=\"https:\/\/www.downssyndrom.no\/oslo\/arrangementer\/vi-vil-lekene\/\" \/>\n<meta property=\"og:site_name\" content=\"Downs Syndrom Oslo\" \/>\n<meta property=\"article:modified_time\" content=\"2026-03-09T20:55:36+00:00\" \/>\n<meta property=\"og:image\" content=\"https:\/\/www.downssyndrom.no\/content\/uploads\/sites\/4\/2025\/03\/VivilLekene.jpg\" \/>\n\t<meta property=\"og:image:width\" content=\"1200\" \/>\n\t<meta property=\"og:image:height\" content=\"800\" \/>\n\t<meta property=\"og:image:type\" content=\"image\/jpeg\" \/>\n<meta name=\"twitter:card\" content=\"summary_large_image\" \/>\n<meta name=\"twitter:label1\" content=\"Ansl. lesetid\" \/>\n\t<meta name=\"twitter:data1\" content=\"1 minutt\" \/>\n<script type=\"application\/ld+json\" class=\"yoast-schema-graph\">{\"@context\":\"https:\/\/schema.org\",\"@graph\":[{\"@type\":\"WebPage\",\"@id\":\"https:\/\/www.downssyndrom.no\/oslo\/arrangementer\/vi-vil-lekene\/\",\"url\":\"https:\/\/www.downssyndrom.no\/oslo\/arrangementer\/vi-vil-lekene\/\",\"name\":\"Vivil-lekene - Downs Syndrom Oslo\",\"isPartOf\":{\"@id\":\"https:\/\/www.downssyndrom.no\/oslo\/#website\"},\"primaryImageOfPage\":{\"@id\":\"https:\/\/www.downssyndrom.no\/oslo\/arrangementer\/vi-vil-lekene\/#primaryimage\"},\"image\":{\"@id\":\"https:\/\/www.downssyndrom.no\/oslo\/arrangementer\/vi-vil-lekene\/#primaryimage\"},\"thumbnailUrl\":\"https:\/\/www.downssyndrom.no\/content\/uploads\/sites\/4\/2025\/03\/VivilLekene.jpg\",\"datePublished\":\"2024-02-22T10:31:21+00:00\",\"dateModified\":\"2026-03-09T20:55:36+00:00\",\"breadcrumb\":{\"@id\":\"https:\/\/www.downssyndrom.no\/oslo\/arrangementer\/vi-vil-lekene\/#breadcrumb\"},\"inLanguage\":\"nb-NO\",\"potentialAction\":[{\"@type\":\"ReadAction\",\"target\":[\"https:\/\/www.downssyndrom.no\/oslo\/arrangementer\/vi-vil-lekene\/\"]}]},{\"@type\":\"ImageObject\",\"inLanguage\":\"nb-NO\",\"@id\":\"https:\/\/www.downssyndrom.no\/oslo\/arrangementer\/vi-vil-lekene\/#primaryimage\",\"url\":\"https:\/\/www.downssyndrom.no\/content\/uploads\/sites\/4\/2025\/03\/VivilLekene.jpg\",\"contentUrl\":\"https:\/\/www.downssyndrom.no\/content\/uploads\/sites\/4\/2025\/03\/VivilLekene.jpg\",\"width\":1200,\"height\":800},{\"@type\":\"BreadcrumbList\",\"@id\":\"https:\/\/www.downssyndrom.no\/oslo\/arrangementer\/vi-vil-lekene\/#breadcrumb\",\"itemListElement\":[{\"@type\":\"ListItem\",\"position\":1,\"name\":\"Hjem\",\"item\":\"https:\/\/www.downssyndrom.no\/oslo\/\"},{\"@type\":\"ListItem\",\"position\":2,\"name\":\"Arrangementer\",\"item\":\"https:\/\/www.downssyndrom.no\/oslo\/arrangementer\/\"},{\"@type\":\"ListItem\",\"position\":3,\"name\":\"Vivil-lekene\"}]},{\"@type\":\"WebSite\",\"@id\":\"https:\/\/www.downssyndrom.no\/oslo\/#website\",\"url\":\"https:\/\/www.downssyndrom.no\/oslo\/\",\"name\":\"Downs Syndrom Oslo\",\"description\":\"\",\"publisher\":{\"@id\":\"https:\/\/www.downssyndrom.no\/oslo\/#organization\"},\"potentialAction\":[{\"@type\":\"SearchAction\",\"target\":{\"@type\":\"EntryPoint\",\"urlTemplate\":\"https:\/\/www.downssyndrom.no\/oslo\/?s={search_term_string}\"},\"query-input\":{\"@type\":\"PropertyValueSpecification\",\"valueRequired\":true,\"valueName\":\"search_term_string\"}}],\"inLanguage\":\"nb-NO\"},{\"@type\":\"Organization\",\"@id\":\"https:\/\/www.downssyndrom.no\/oslo\/#organization\",\"name\":\"Downs Syndrom Oslo\",\"url\":\"https:\/\/www.downssyndrom.no\/oslo\/\",\"logo\":{\"@type\":\"ImageObject\",\"inLanguage\":\"nb-NO\",\"@id\":\"https:\/\/www.downssyndrom.no\/oslo\/#\/schema\/logo\/image\/\",\"url\":\"https:\/\/www.downssyndrom.no\/content\/uploads\/sites\/4\/2024\/03\/cropped-logo-downs-syndrom-oslo.png\",\"contentUrl\":\"https:\/\/www.downssyndrom.no\/content\/uploads\/sites\/4\/2024\/03\/cropped-logo-downs-syndrom-oslo.png\",\"width\":1478,\"height\":386,\"caption\":\"Downs Syndrom Oslo\"},\"image\":{\"@id\":\"https:\/\/www.downssyndrom.no\/oslo\/#\/schema\/logo\/image\/\"}}]}<\/script>\n<!-- \/ Yoast SEO Premium plugin. -->","yoast_head_json":{"title":"Vivil-lekene - Downs Syndrom Oslo","robots":{"index":"index","follow":"follow","max-snippet":"max-snippet:-1","max-image-preview":"max-image-preview:large","max-video-preview":"max-video-preview:-1"},"canonical":"https:\/\/www.downssyndrom.no\/oslo\/arrangementer\/vi-vil-lekene\/","og_locale":"nb_NO","og_type":"article","og_title":"Vivil-lekene","og_url":"https:\/\/www.downssyndrom.no\/oslo\/arrangementer\/vi-vil-lekene\/","og_site_name":"Downs Syndrom Oslo","article_modified_time":"2026-03-09T20:55:36+00:00","og_image":[{"width":1200,"height":800,"url":"https:\/\/www.downssyndrom.no\/content\/uploads\/sites\/4\/2025\/03\/VivilLekene.jpg","type":"image\/jpeg"}],"twitter_card":"summary_large_image","twitter_misc":{"Ansl. lesetid":"1 minutt"},"schema":{"@context":"https:\/\/schema.org","@graph":[{"@type":"WebPage","@id":"https:\/\/www.downssyndrom.no\/oslo\/arrangementer\/vi-vil-lekene\/","url":"https:\/\/www.downssyndrom.no\/oslo\/arrangementer\/vi-vil-lekene\/","name":"Vivil-lekene - Downs Syndrom Oslo","isPartOf":{"@id":"https:\/\/www.downssyndrom.no\/oslo\/#website"},"primaryImageOfPage":{"@id":"https:\/\/www.downssyndrom.no\/oslo\/arrangementer\/vi-vil-lekene\/#primaryimage"},"image":{"@id":"https:\/\/www.downssyndrom.no\/oslo\/arrangementer\/vi-vil-lekene\/#primaryimage"},"thumbnailUrl":"https:\/\/www.downssyndrom.no\/content\/uploads\/sites\/4\/2025\/03\/VivilLekene.jpg","datePublished":"2024-02-22T10:31:21+00:00","dateModified":"2026-03-09T20:55:36+00:00","breadcrumb":{"@id":"https:\/\/www.downssyndrom.no\/oslo\/arrangementer\/vi-vil-lekene\/#breadcrumb"},"inLanguage":"nb-NO","potentialAction":[{"@type":"ReadAction","target":["https:\/\/www.downssyndrom.no\/oslo\/arrangementer\/vi-vil-lekene\/"]}]},{"@type":"ImageObject","inLanguage":"nb-NO","@id":"https:\/\/www.downssyndrom.no\/oslo\/arrangementer\/vi-vil-lekene\/#primaryimage","url":"https:\/\/www.downssyndrom.no\/content\/uploads\/sites\/4\/2025\/03\/VivilLekene.jpg","contentUrl":"https:\/\/www.downssyndrom.no\/content\/uploads\/sites\/4\/2025\/03\/VivilLekene.jpg","width":1200,"height":800},{"@type":"BreadcrumbList","@id":"https:\/\/www.downssyndrom.no\/oslo\/arrangementer\/vi-vil-lekene\/#breadcrumb","itemListElement":[{"@type":"ListItem","position":1,"name":"Hjem","item":"https:\/\/www.downssyndrom.no\/oslo\/"},{"@type":"ListItem","position":2,"name":"Arrangementer","item":"https:\/\/www.downssyndrom.no\/oslo\/arrangementer\/"},{"@type":"ListItem","position":3,"name":"Vivil-lekene"}]},{"@type":"WebSite","@id":"https:\/\/www.downssyndrom.no\/oslo\/#website","url":"https:\/\/www.downssyndrom.no\/oslo\/","name":"Downs Syndrom Oslo","description":"","publisher":{"@id":"https:\/\/www.downssyndrom.no\/oslo\/#organization"},"potentialAction":[{"@type":"SearchAction","target":{"@type":"EntryPoint","urlTemplate":"https:\/\/www.downssyndrom.no\/oslo\/?s={search_term_string}"},"query-input":{"@type":"PropertyValueSpecification","valueRequired":true,"valueName":"search_term_string"}}],"inLanguage":"nb-NO"},{"@type":"Organization","@id":"https:\/\/www.downssyndrom.no\/oslo\/#organization","name":"Downs Syndrom Oslo","url":"https:\/\/www.downssyndrom.no\/oslo\/","logo":{"@type":"ImageObject","inLanguage":"nb-NO","@id":"https:\/\/www.downssyndrom.no\/oslo\/#\/schema\/logo\/image\/","url":"https:\/\/www.downssyndrom.no\/content\/uploads\/sites\/4\/2024\/03\/cropped-logo-downs-syndrom-oslo.png","contentUrl":"https:\/\/www.downssyndrom.no\/content\/uploads\/sites\/4\/2024\/03\/cropped-logo-downs-syndrom-oslo.png","width":1478,"height":386,"caption":"Downs Syndrom Oslo"},"image":{"@id":"https:\/\/www.downssyndrom.no\/oslo\/#\/schema\/logo\/image\/"}}]}},"_links":{"self":[{"href":"https:\/\/www.downssyndrom.no\/oslo\/wp-json\/wp\/v2\/event\/1238","targetHints":{"allow":["GET"]}}],"collection":[{"href":"https:\/\/www.downssyndrom.no\/oslo\/wp-json\/wp\/v2\/event"}],"about":[{"href":"https:\/\/www.downssyndrom.no\/oslo\/wp-json\/wp\/v2\/types\/event"}],"version-history":[{"count":4,"href":"https:\/\/www.downssyndrom.no\/oslo\/wp-json\/wp\/v2\/event\/1238\/revisions"}],"predecessor-version":[{"id":2116,"href":"https:\/\/www.downssyndrom.no\/oslo\/wp-json\/wp\/v2\/event\/1238\/revisions\/2116"}],"wp:featuredmedia":[{"embeddable":true,"href":"https:\/\/www.downssyndrom.no\/oslo\/wp-json\/wp\/v2\/media\/1970"}],"wp:attachment":[{"href":"https:\/\/www.downssyndrom.no\/oslo\/wp-json\/wp\/v2\/media?parent=1238"}],"wp:term":[{"taxonomy":"event-location","embeddable":true,"href":"https:\/\/www.downssyndrom.no\/oslo\/wp-json\/wp\/v2\/event-location?post=1238"},{"taxonomy":"event-category","embeddable":true,"href":"https:\/\/www.downssyndrom.no\/oslo\/wp-json\/wp\/v2\/event-category?post=1238"}],"curies":[{"name":"wp","href":"https:\/\/api.w.org\/{rel}","templated":true}]}}