{"id":40,"date":"2024-04-04T23:35:46","date_gmt":"2024-04-04T21:35:46","guid":{"rendered":"https:\/\/www.downssyndrom.no\/hedmark\/?page_id=40"},"modified":"2024-06-05T15:41:13","modified_gmt":"2024-06-05T13:41:13","slug":"medlemmer-i-styret","status":"publish","type":"page","link":"https:\/\/www.downssyndrom.no\/hedmark\/medlemmer-i-styret\/","title":{"rendered":"Medlemmer i styret i Hedmark"},"content":{"rendered":"<h1 class=\"wp-block-post-title\">Medlemmer i styret i Hedmark<\/h1>\n\n\n<ul class=\"wp-block-list\">\n<li>Leder: Heidi Bakken Rognlidalen, mamma til Agnes <\/li>\n\n\n\n<li>Nestleder: Christina Haulrich Klausen, mamma til Bj\u00f8rg<\/li>\n\n\n\n<li>Kasserer: John Peter Gausdal, pappa til Malin<\/li>\n\n\n\n<li>Rabbia Azeem Khawaja, mamma til Jonas<\/li>\n\n\n\n<li>Elise Thobiassen Strande, s\u00f8ster til Synne<\/li>\n\n\n\n<li>Mona Hansen, mamma til Anna<\/li>\n<\/ul>\n\n\n\n<div class=\"wp-block-media-text is-stacked-on-mobile\" style=\"grid-template-columns:54% auto\"><figure class=\"wp-block-media-text__media\"><img loading=\"lazy\" decoding=\"async\" width=\"768\" height=\"1024\" src=\"https:\/\/www.downssyndrom.no\/content\/uploads\/sites\/11\/2024\/04\/image00015-768x1024.jpeg\" alt=\"\" class=\"wp-image-48 size-full\" srcset=\"https:\/\/www.downssyndrom.no\/content\/uploads\/sites\/11\/2024\/04\/image00015-768x1024.jpeg 768w, https:\/\/www.downssyndrom.no\/content\/uploads\/sites\/11\/2024\/04\/image00015-225x300.jpeg 225w, https:\/\/www.downssyndrom.no\/content\/uploads\/sites\/11\/2024\/04\/image00015-1152x1536.jpeg 1152w, https:\/\/www.downssyndrom.no\/content\/uploads\/sites\/11\/2024\/04\/image00015-1536x2048.jpeg 1536w, https:\/\/www.downssyndrom.no\/content\/uploads\/sites\/11\/2024\/04\/image00015-scaled.jpeg 1920w\" sizes=\"auto, (max-width: 768px) 100vw, 768px\" \/><\/figure><div class=\"wp-block-media-text__content\">\n<p>Heidi Bakken Rognlidalen er styreleder i Ups &amp; Downs Hedmark<\/p>\n\n\n\n<p>Har du f\u00e5tt et barn med Downs syndrom eller har du sp\u00f8rsm\u00e5l til foreningen kan du kontakte Heidi.<\/p>\n\n\n\n<p>E-post: <a href=\"mailto:heidirognlidalen@gmail.com\" target=\"_blank\" rel=\"noreferrer noopener\">heidirognlidalen@gmail.com<\/a> <\/p>\n\n\n\n<p>Tlf: 41 20 32 33<\/p>\n<\/div><\/div>\n\n\n\n<div class=\"wp-block-media-text is-stacked-on-mobile\" style=\"grid-template-columns:54% auto\"><figure class=\"wp-block-media-text__media\"><img loading=\"lazy\" decoding=\"async\" width=\"768\" height=\"1024\" src=\"https:\/\/www.downssyndrom.no\/content\/uploads\/sites\/11\/2024\/04\/Bilde-familie-768x1024.jpg\" alt=\"\" class=\"wp-image-50 size-full\" srcset=\"https:\/\/www.downssyndrom.no\/content\/uploads\/sites\/11\/2024\/04\/Bilde-familie-768x1024.jpg 768w, https:\/\/www.downssyndrom.no\/content\/uploads\/sites\/11\/2024\/04\/Bilde-familie-225x300.jpg 225w, https:\/\/www.downssyndrom.no\/content\/uploads\/sites\/11\/2024\/04\/Bilde-familie-1152x1536.jpg 1152w, https:\/\/www.downssyndrom.no\/content\/uploads\/sites\/11\/2024\/04\/Bilde-familie-1536x2048.jpg 1536w, https:\/\/www.downssyndrom.no\/content\/uploads\/sites\/11\/2024\/04\/Bilde-familie-scaled.jpg 1920w\" sizes=\"auto, (max-width: 768px) 100vw, 768px\" \/><\/figure><div class=\"wp-block-media-text__content\">\n<p>Christina Haulrich Klausen er nestleder i Ups &amp; Downs Hedmark.<\/p>\n\n\n\n<p>Christina er ogs\u00e5 medforfatter til boken Downs syndrom &#8211; de f\u00f8rste \u00e5rene. <\/p>\n\n\n\n<p>E-post: <a href=\"mailto:christina_klausen@hotmail.com\" target=\"_blank\" rel=\"noreferrer noopener\">christina_klausen@hotmail.com<\/a><\/p>\n\n\n\n<p>Tlf: 40 54 18 59<\/p>\n<\/div><\/div>\n\n\n\n<div class=\"wp-block-media-text is-stacked-on-mobile\" style=\"grid-template-columns:54% auto\"><figure class=\"wp-block-media-text__media\"><img loading=\"lazy\" decoding=\"async\" width=\"768\" height=\"1024\" src=\"https:\/\/www.downssyndrom.no\/content\/uploads\/sites\/11\/2024\/06\/447638041_1152733122713348_1353548430511065473_n-768x1024.jpg\" alt=\"\" class=\"wp-image-217 size-full\" srcset=\"https:\/\/www.downssyndrom.no\/content\/uploads\/sites\/11\/2024\/06\/447638041_1152733122713348_1353548430511065473_n-768x1024.jpg 768w, https:\/\/www.downssyndrom.no\/content\/uploads\/sites\/11\/2024\/06\/447638041_1152733122713348_1353548430511065473_n-225x300.jpg 225w, https:\/\/www.downssyndrom.no\/content\/uploads\/sites\/11\/2024\/06\/447638041_1152733122713348_1353548430511065473_n-1152x1536.jpg 1152w, https:\/\/www.downssyndrom.no\/content\/uploads\/sites\/11\/2024\/06\/447638041_1152733122713348_1353548430511065473_n.jpg 1170w\" sizes=\"auto, (max-width: 768px) 100vw, 768px\" \/><\/figure><div class=\"wp-block-media-text__content\">\n<p>Jens Peder Gausdal er medlem av styret og kasserer.<\/p>\n\n\n\n<p>Jens Peder er ogs\u00e5 nestleder i Downs syndrom Norge.<\/p>\n\n\n\n<p>E-post: <a href=\"mailto:gaus77@hotmail.com\">gaus77@hotmail.com<\/a> <\/p>\n\n\n\n<p>Tlf: 91399703<\/p>\n<\/div><\/div>\n\n\n\n<div class=\"wp-block-media-text is-stacked-on-mobile\" style=\"grid-template-columns:54% auto\"><figure class=\"wp-block-media-text__media\"><img loading=\"lazy\" decoding=\"async\" width=\"585\" height=\"559\" src=\"https:\/\/www.downssyndrom.no\/content\/uploads\/sites\/11\/2024\/06\/442687945_7650957478290974_5617676563248196905_n.jpg\" alt=\"\" class=\"wp-image-218 size-full\" srcset=\"https:\/\/www.downssyndrom.no\/content\/uploads\/sites\/11\/2024\/06\/442687945_7650957478290974_5617676563248196905_n.jpg 585w, https:\/\/www.downssyndrom.no\/content\/uploads\/sites\/11\/2024\/06\/442687945_7650957478290974_5617676563248196905_n-300x287.jpg 300w\" sizes=\"auto, (max-width: 585px) 100vw, 585px\" \/><\/figure><div class=\"wp-block-media-text__content\">\n<p>Rabbia Azeem Khawaja er mamma til Jacob. Hun bor i Ottestad, Stange. Jonas er f\u00f8dt i 2022 og har en storebror Jacob fra 2015. Rabbia jobber som finansr\u00e5dgiver p\u00e5 Hamar.<\/p>\n<\/div><\/div>\n\n\n\n<div class=\"wp-block-media-text is-stacked-on-mobile\" style=\"grid-template-columns:54% auto\"><figure class=\"wp-block-media-text__media\"><img loading=\"lazy\" decoding=\"async\" width=\"577\" height=\"1024\" src=\"https:\/\/www.downssyndrom.no\/content\/uploads\/sites\/11\/2024\/06\/438069693_411344424974764_1621562273276616846_n-577x1024.jpg\" alt=\"\" class=\"wp-image-220 size-full\" srcset=\"https:\/\/www.downssyndrom.no\/content\/uploads\/sites\/11\/2024\/06\/438069693_411344424974764_1621562273276616846_n-577x1024.jpg 577w, https:\/\/www.downssyndrom.no\/content\/uploads\/sites\/11\/2024\/06\/438069693_411344424974764_1621562273276616846_n-169x300.jpg 169w, https:\/\/www.downssyndrom.no\/content\/uploads\/sites\/11\/2024\/06\/438069693_411344424974764_1621562273276616846_n-768x1364.jpg 768w, https:\/\/www.downssyndrom.no\/content\/uploads\/sites\/11\/2024\/06\/438069693_411344424974764_1621562273276616846_n-865x1536.jpg 865w, https:\/\/www.downssyndrom.no\/content\/uploads\/sites\/11\/2024\/06\/438069693_411344424974764_1621562273276616846_n.jpg 1153w\" sizes=\"auto, (max-width: 577px) 100vw, 577px\" \/><\/figure><div class=\"wp-block-media-text__content\">\n<p>Elise Tobiassen Strande er stores\u00f8ster til Synne.<\/p>\n\n\n\n<p>Hun er ogs\u00e5 en av trenene i den ukentlige treningsgruppe Full Rulle og var med p\u00e5 Vivil lekene som trener.<\/p>\n<\/div><\/div>\n\n\n\n<h2 class=\"wp-block-heading\" id=\"h-hvem-er-vi-og-hva-gjor-vi\">Hvem er vi og hva gj\u00f8r vi?<\/h2>\n\n\n\n<p>Ups &amp; Downs Hedmark&nbsp;er en del av Downs syndrom Norge, og v\u00e5r \u00f8konomi er bygget opp internt av medlemskontingent, st\u00f8ttemedlemskap, grasrotmidler og bidrag fra veldedige organisasjoner og kommuner\/fylkeskommunen.<\/p>\n\n\n\n<p>Lokalforeningen&nbsp;ble startet i 1998 av foreldre som hadde et \u00f8nske om \u00e5 bygge nettverk for v\u00e5re barn og unge med Downs syndrom og deres familier.<\/p>\n\n\n\n<p>Siden den gangen har foreningen vokst til 47 medlemsfamilier, og i l\u00f8pet av \u00e5rene har vi hatt mange trivelige treff for sm\u00e5 og store.<\/p>\n\n\n\n<p>Vi ser at v\u00e5re barn og unge har glede av \u00e5 m\u00f8tes, b\u00e5de til den \u00e5rlige juletrefesten, musikkgruppe og idrettsaktivitet i idrettsgruppa \u00abFull rulle\u00bb.&nbsp;Vi voksne har ogs\u00e5 glede av og bruk for \u00e5 utveksle erfaringer.<\/p>\n\n\n\n<p>Vi samarbeider med <a href=\"https:\/\/www.sykehuset-innlandet.no\/avdelinger\/habiliteringstjenesten-sanderud\" target=\"_blank\" rel=\"noreferrer noopener\">Habiliteringstjenesten i Hedmark<\/a>, de bist\u00e5r og st\u00f8tter oss med lokaler til styrem\u00f8ter, fagdager og formidler kontakt til nye foreldre om foreningen.<\/p>\n","protected":false},"excerpt":{"rendered":"","protected":false},"author":44,"featured_media":0,"parent":0,"menu_order":0,"comment_status":"closed","ping_status":"closed","template":"","meta":{"alternative_post_author":"","footnotes":""},"class_list":["post-40","page","type-page","status-publish","hentry"],"yoast_head":"<!-- This site is optimized with the Yoast SEO Premium plugin v26.4-RC2 (Yoast SEO v26.4-RC2) - https:\/\/yoast.com\/wordpress\/plugins\/seo\/ -->\n<title>Medlemmer i styret i Hedmark - Downs Syndrom Hedmark<\/title>\n<meta name=\"robots\" content=\"index, follow, max-snippet:-1, max-image-preview:large, max-video-preview:-1\" \/>\n<link rel=\"canonical\" href=\"https:\/\/www.downssyndrom.no\/hedmark\/medlemmer-i-styret\/\" \/>\n<meta property=\"og:locale\" content=\"nb_NO\" \/>\n<meta property=\"og:type\" content=\"article\" \/>\n<meta property=\"og:title\" content=\"Medlemmer i styret i Hedmark\" \/>\n<meta property=\"og:url\" content=\"https:\/\/www.downssyndrom.no\/hedmark\/medlemmer-i-styret\/\" \/>\n<meta property=\"og:site_name\" content=\"Downs Syndrom Hedmark\" \/>\n<meta property=\"article:modified_time\" content=\"2024-06-05T13:41:13+00:00\" \/>\n<meta property=\"og:image\" content=\"https:\/\/www.downssyndrom.no\/content\/uploads\/sites\/11\/2024\/04\/image00015-768x1024.jpeg\" \/>\n<meta name=\"twitter:card\" content=\"summary_large_image\" \/>\n<meta name=\"twitter:label1\" content=\"Ansl. lesetid\" \/>\n\t<meta name=\"twitter:data1\" content=\"3 minutter\" \/>\n<script type=\"application\/ld+json\" class=\"yoast-schema-graph\">{\"@context\":\"https:\/\/schema.org\",\"@graph\":[{\"@type\":\"WebPage\",\"@id\":\"https:\/\/www.downssyndrom.no\/hedmark\/medlemmer-i-styret\/\",\"url\":\"https:\/\/www.downssyndrom.no\/hedmark\/medlemmer-i-styret\/\",\"name\":\"Medlemmer i styret i Hedmark - Downs Syndrom Hedmark\",\"isPartOf\":{\"@id\":\"https:\/\/www.downssyndrom.no\/hedmark\/#website\"},\"primaryImageOfPage\":{\"@id\":\"https:\/\/www.downssyndrom.no\/hedmark\/medlemmer-i-styret\/#primaryimage\"},\"image\":{\"@id\":\"https:\/\/www.downssyndrom.no\/hedmark\/medlemmer-i-styret\/#primaryimage\"},\"thumbnailUrl\":\"https:\/\/www.downssyndrom.no\/content\/uploads\/sites\/11\/2024\/04\/image00015-768x1024.jpeg\",\"datePublished\":\"2024-04-04T21:35:46+00:00\",\"dateModified\":\"2024-06-05T13:41:13+00:00\",\"breadcrumb\":{\"@id\":\"https:\/\/www.downssyndrom.no\/hedmark\/medlemmer-i-styret\/#breadcrumb\"},\"inLanguage\":\"nb-NO\",\"potentialAction\":[{\"@type\":\"ReadAction\",\"target\":[\"https:\/\/www.downssyndrom.no\/hedmark\/medlemmer-i-styret\/\"]}]},{\"@type\":\"ImageObject\",\"inLanguage\":\"nb-NO\",\"@id\":\"https:\/\/www.downssyndrom.no\/hedmark\/medlemmer-i-styret\/#primaryimage\",\"url\":\"https:\/\/www.downssyndrom.no\/content\/uploads\/sites\/11\/2024\/04\/image00015-768x1024.jpeg\",\"contentUrl\":\"https:\/\/www.downssyndrom.no\/content\/uploads\/sites\/11\/2024\/04\/image00015-768x1024.jpeg\"},{\"@type\":\"BreadcrumbList\",\"@id\":\"https:\/\/www.downssyndrom.no\/hedmark\/medlemmer-i-styret\/#breadcrumb\",\"itemListElement\":[{\"@type\":\"ListItem\",\"position\":1,\"name\":\"Hjem\",\"item\":\"https:\/\/www.downssyndrom.no\/hedmark\/\"},{\"@type\":\"ListItem\",\"position\":2,\"name\":\"Medlemmer i styret i Hedmark\"}]},{\"@type\":\"WebSite\",\"@id\":\"https:\/\/www.downssyndrom.no\/hedmark\/#website\",\"url\":\"https:\/\/www.downssyndrom.no\/hedmark\/\",\"name\":\"Downs Syndrom Hedmark\",\"description\":\"\",\"publisher\":{\"@id\":\"https:\/\/www.downssyndrom.no\/hedmark\/#organization\"},\"potentialAction\":[{\"@type\":\"SearchAction\",\"target\":{\"@type\":\"EntryPoint\",\"urlTemplate\":\"https:\/\/www.downssyndrom.no\/hedmark\/?s={search_term_string}\"},\"query-input\":{\"@type\":\"PropertyValueSpecification\",\"valueRequired\":true,\"valueName\":\"search_term_string\"}}],\"inLanguage\":\"nb-NO\"},{\"@type\":\"Organization\",\"@id\":\"https:\/\/www.downssyndrom.no\/hedmark\/#organization\",\"name\":\"Downs Syndrom Hedmark\",\"url\":\"https:\/\/www.downssyndrom.no\/hedmark\/\",\"logo\":{\"@type\":\"ImageObject\",\"inLanguage\":\"nb-NO\",\"@id\":\"https:\/\/www.downssyndrom.no\/hedmark\/#\/schema\/logo\/image\/\",\"url\":\"https:\/\/www.downssyndrom.no\/content\/uploads\/sites\/11\/2024\/03\/cropped-logo-downs-syndrom-hedmark.png\",\"contentUrl\":\"https:\/\/www.downssyndrom.no\/content\/uploads\/sites\/11\/2024\/03\/cropped-logo-downs-syndrom-hedmark.png\",\"width\":1523,\"height\":387,\"caption\":\"Downs Syndrom Hedmark\"},\"image\":{\"@id\":\"https:\/\/www.downssyndrom.no\/hedmark\/#\/schema\/logo\/image\/\"}}]}<\/script>\n<!-- \/ Yoast SEO Premium plugin. -->","yoast_head_json":{"title":"Medlemmer i styret i Hedmark - Downs Syndrom Hedmark","robots":{"index":"index","follow":"follow","max-snippet":"max-snippet:-1","max-image-preview":"max-image-preview:large","max-video-preview":"max-video-preview:-1"},"canonical":"https:\/\/www.downssyndrom.no\/hedmark\/medlemmer-i-styret\/","og_locale":"nb_NO","og_type":"article","og_title":"Medlemmer i styret i Hedmark","og_url":"https:\/\/www.downssyndrom.no\/hedmark\/medlemmer-i-styret\/","og_site_name":"Downs Syndrom Hedmark","article_modified_time":"2024-06-05T13:41:13+00:00","og_image":[{"url":"https:\/\/www.downssyndrom.no\/content\/uploads\/sites\/11\/2024\/04\/image00015-768x1024.jpeg","type":"","width":"","height":""}],"twitter_card":"summary_large_image","twitter_misc":{"Ansl. lesetid":"3 minutter"},"schema":{"@context":"https:\/\/schema.org","@graph":[{"@type":"WebPage","@id":"https:\/\/www.downssyndrom.no\/hedmark\/medlemmer-i-styret\/","url":"https:\/\/www.downssyndrom.no\/hedmark\/medlemmer-i-styret\/","name":"Medlemmer i styret i Hedmark - Downs Syndrom Hedmark","isPartOf":{"@id":"https:\/\/www.downssyndrom.no\/hedmark\/#website"},"primaryImageOfPage":{"@id":"https:\/\/www.downssyndrom.no\/hedmark\/medlemmer-i-styret\/#primaryimage"},"image":{"@id":"https:\/\/www.downssyndrom.no\/hedmark\/medlemmer-i-styret\/#primaryimage"},"thumbnailUrl":"https:\/\/www.downssyndrom.no\/content\/uploads\/sites\/11\/2024\/04\/image00015-768x1024.jpeg","datePublished":"2024-04-04T21:35:46+00:00","dateModified":"2024-06-05T13:41:13+00:00","breadcrumb":{"@id":"https:\/\/www.downssyndrom.no\/hedmark\/medlemmer-i-styret\/#breadcrumb"},"inLanguage":"nb-NO","potentialAction":[{"@type":"ReadAction","target":["https:\/\/www.downssyndrom.no\/hedmark\/medlemmer-i-styret\/"]}]},{"@type":"ImageObject","inLanguage":"nb-NO","@id":"https:\/\/www.downssyndrom.no\/hedmark\/medlemmer-i-styret\/#primaryimage","url":"https:\/\/www.downssyndrom.no\/content\/uploads\/sites\/11\/2024\/04\/image00015-768x1024.jpeg","contentUrl":"https:\/\/www.downssyndrom.no\/content\/uploads\/sites\/11\/2024\/04\/image00015-768x1024.jpeg"},{"@type":"BreadcrumbList","@id":"https:\/\/www.downssyndrom.no\/hedmark\/medlemmer-i-styret\/#breadcrumb","itemListElement":[{"@type":"ListItem","position":1,"name":"Hjem","item":"https:\/\/www.downssyndrom.no\/hedmark\/"},{"@type":"ListItem","position":2,"name":"Medlemmer i styret i Hedmark"}]},{"@type":"WebSite","@id":"https:\/\/www.downssyndrom.no\/hedmark\/#website","url":"https:\/\/www.downssyndrom.no\/hedmark\/","name":"Downs Syndrom Hedmark","description":"","publisher":{"@id":"https:\/\/www.downssyndrom.no\/hedmark\/#organization"},"potentialAction":[{"@type":"SearchAction","target":{"@type":"EntryPoint","urlTemplate":"https:\/\/www.downssyndrom.no\/hedmark\/?s={search_term_string}"},"query-input":{"@type":"PropertyValueSpecification","valueRequired":true,"valueName":"search_term_string"}}],"inLanguage":"nb-NO"},{"@type":"Organization","@id":"https:\/\/www.downssyndrom.no\/hedmark\/#organization","name":"Downs Syndrom Hedmark","url":"https:\/\/www.downssyndrom.no\/hedmark\/","logo":{"@type":"ImageObject","inLanguage":"nb-NO","@id":"https:\/\/www.downssyndrom.no\/hedmark\/#\/schema\/logo\/image\/","url":"https:\/\/www.downssyndrom.no\/content\/uploads\/sites\/11\/2024\/03\/cropped-logo-downs-syndrom-hedmark.png","contentUrl":"https:\/\/www.downssyndrom.no\/content\/uploads\/sites\/11\/2024\/03\/cropped-logo-downs-syndrom-hedmark.png","width":1523,"height":387,"caption":"Downs Syndrom Hedmark"},"image":{"@id":"https:\/\/www.downssyndrom.no\/hedmark\/#\/schema\/logo\/image\/"}}]}},"_links":{"self":[{"href":"https:\/\/www.downssyndrom.no\/hedmark\/wp-json\/wp\/v2\/pages\/40","targetHints":{"allow":["GET"]}}],"collection":[{"href":"https:\/\/www.downssyndrom.no\/hedmark\/wp-json\/wp\/v2\/pages"}],"about":[{"href":"https:\/\/www.downssyndrom.no\/hedmark\/wp-json\/wp\/v2\/types\/page"}],"author":[{"embeddable":true,"href":"https:\/\/www.downssyndrom.no\/hedmark\/wp-json\/wp\/v2\/users\/44"}],"replies":[{"embeddable":true,"href":"https:\/\/www.downssyndrom.no\/hedmark\/wp-json\/wp\/v2\/comments?post=40"}],"version-history":[{"count":5,"href":"https:\/\/www.downssyndrom.no\/hedmark\/wp-json\/wp\/v2\/pages\/40\/revisions"}],"predecessor-version":[{"id":223,"href":"https:\/\/www.downssyndrom.no\/hedmark\/wp-json\/wp\/v2\/pages\/40\/revisions\/223"}],"wp:attachment":[{"href":"https:\/\/www.downssyndrom.no\/hedmark\/wp-json\/wp\/v2\/media?parent=40"}],"curies":[{"name":"wp","href":"https:\/\/api.w.org\/{rel}","templated":true}]}}