{"id":283,"date":"2026-03-04T15:00:28","date_gmt":"2026-03-04T14:00:28","guid":{"rendered":"https:\/\/www.downssyndrom.no\/hedmark\/?post_type=event&#038;p=283"},"modified":"2026-03-04T15:18:18","modified_gmt":"2026-03-04T14:18:18","slug":"https-www-downssyndrom-no-hedmark-arrangementer-283","status":"publish","type":"event","link":"https:\/\/www.downssyndrom.no\/hedmark\/arrangementer\/https-www-downssyndrom-no-hedmark-arrangementer-283\/","title":{"rendered":"Verdensdagen for Downs syndrom 21. mars: Ski- og akedag p\u00e5 Budor"},"content":{"rendered":"<p class=\"t2-ingress wp-block-t2-ingress\"><a href=\"https:\/\/www.downssyndrom.no\/hedmark\/\">Downs Syndrom Hedmark<\/a> og <a href=\"https:\/\/www.downssyndrom.no\/oppland\/\">Downs Syndrom Oppland<\/a> inviterer til ski- og akedag p\u00e5 Budor l\u00f8rdag 21. mars 2026 \u2013 p\u00e5 selveste Verdensdagen for Downs syndrom!<\/p>\n\n\n<p>\ud83d\udcc5&nbsp;Dato:&nbsp;21. mars<br>\ud83d\udd56 Tid: Kl. 12.00-16.00<br>\ud83d\udccdSted: Budor Ski- og kjelkeanlegg (<a href=\"https:\/\/maps.app.goo.gl\/sKNo4kWygFYCknHq9\" target=\"_blank\" rel=\"noreferrer noopener\">Budorvegen 1494, 2340 L\u00f8ten<\/a>)<br>\u2139\ufe0f Info: Les om skianlegget p\u00e5 <a href=\"http:\/\/www.visitbudor.no\/\">www.visitbudor.no<\/a><\/p>\n\n\n\n<h2 class=\"wp-block-heading\" id=\"h-om-arrangementet\">Om arrangementet<\/h2>\n\n\n\n<p>Budor har \u00e5pent fra 10.00-16.00, og dere henvender dere i skranken for \u00e5 hente ut <strong>heiskort som foreningene spanderer<\/strong>. Vi legger ut egen liste.<br>Dere kan komme allerede klokken 10.00, for \u00e5 st\u00e5 p\u00e5 slalomski eller kj\u00f8re kjelke, men arrangementet v\u00e5rt starter kl. 12.00.<br><br>Vi har base ved lavvoen. Se etter fargerike rocke-sokker!\ud83e\udde6<\/p>\n\n\n\n<p>Ta med ledsagerbevis hvis dere har, og gi beskjed om dette ved registrering. Husk hjelm og evt. slalomski\/akebrett. Kjelke leies. Ta med noe \u00e5 sitte p\u00e5 og godt hum\u00f8r\ud83d\ude0a<\/p>\n\n\n\n<h2 class=\"wp-block-heading\" id=\"h-mat-og-drikke\">Mat og drikke<\/h2>\n\n\n\n<p>Foreningene spanderer p\u00f8lser som dere griller selv. Drikke kj\u00f8per dere, eller tar med selv.<\/p>\n\n\n\n<h2 class=\"wp-block-heading\" id=\"h-pamelding\">P\u00e5melding<\/h2>\n\n\n\n<p>P\u00e5melding p\u00e5 e-post innen 18. mars 2026, hvor dere oppgir hvor mange fra dere som kommer med fullt navn, og om dere \u00f8nsker heiskort. Heiskortet brukes til kjelke- og\/eller skikj\u00f8ring.<\/p>\n\n\n\n<p>Send p\u00e5melding til: <a href=\"mailto:oppland@downssyndrom.no\">oppland@downssyndrom.no<\/a> <br>Ved sp\u00f8rsm\u00e5l ring Lene p\u00e5 mobil: 91 75 30 53<\/p>\n\n\n<div class=\"dekode-events-info wp-block-dekode-events-event-info\"><ul class=\"event-info-items\"><li class=\"type-location\"><div class=\"icon\"><svg xmlns=\"http:\/\/www.w3.org\/2000\/svg\" viewBox=\"0 0 24 24\" height=\"24\" width=\"24\" class=\"t2-icon t2-icon-locationon\" aria-hidden=\"true\" focusable=\"false\"><path d=\"M12 12c.6 0 1-.2 1.4-.6s.6-.8.6-1.4-.2-1-.6-1.4S12.6 8 12 8s-1 .2-1.4.6-.6.8-.6 1.4.2 1 .6 1.4.8.6 1.4.6zm0 7.4c2-1.9 3.5-3.6 4.5-5.1s1.5-2.9 1.5-4.1c0-1.8-.6-3.3-1.7-4.5S13.7 4 12 4s-3.1.6-4.3 1.7S6 8.4 6 10.2c0 1.2.5 2.5 1.5 4.1s2.5 3.2 4.5 5.1zm0 2.2c-.1 0-.3 0-.4-.1-.1-.1-.2-.1-.4-.2-2.4-2.1-4.2-4.1-5.4-6S4 11.8 4 10.2c0-2.5.8-4.5 2.4-6S9.9 2 12 2s4 .7 5.6 2.2 2.4 3.5 2.4 6c0 1.6-.6 3.3-1.8 5.2-1.2 1.8-3 3.8-5.5 6-.1.1-.2.1-.3.2H12z\" fill=\"currentColor\" \/><\/svg><\/div><p class=\"label\">Lokasjon<\/p><p class=\"value\"><span class=\"location type-offline\" title=\"\">Budor ski- og kjelkeannlegg &#8211; Budorvegen 1494 &#8211; 2340 L\u00f8ten<\/span><\/p><\/li><li class=\"type-date\"><div class=\"icon\"><svg xmlns=\"http:\/\/www.w3.org\/2000\/svg\" viewBox=\"0 0 24 24\" height=\"24\" width=\"24\" class=\"t2-icon t2-icon-eventnote\" aria-hidden=\"true\" focusable=\"false\"><path d=\"M5 22c-.5 0-1-.2-1.4-.6S3 20.6 3 20V6c0-.6.2-1 .6-1.4S4.5 4 5 4h1V3c0-.3.1-.5.3-.7S6.7 2 7 2c.3 0 .5.1.7.3s.3.4.3.7v1h8V3c0-.3.1-.5.3-.7s.4-.3.7-.3.5.1.7.3c.2.2.3.4.3.7v1h1c.6 0 1 .2 1.4.6s.6.8.6 1.4v14c0 .6-.2 1-.6 1.4s-.8.6-1.4.6H5zm0-2h14V10H5v10zM5 8h14V6H5v2zm0 0V6v2zm3 6c-.3 0-.5-.1-.7-.3-.2-.2-.3-.4-.3-.7s.1-.5.3-.7c.2-.2.4-.3.7-.3h8c.3 0 .5.1.7.3.2.2.3.4.3.7s-.1.5-.3.7c-.2.2-.4.3-.7.3H8zm0 4c-.3 0-.5-.1-.7-.3-.2-.2-.3-.4-.3-.7s.1-.5.3-.7c.2-.2.4-.3.7-.3h5c.3 0 .5.1.7.3.2.2.3.4.3.7s-.1.5-.3.7c-.2.2-.4.3-.7.3H8z\" fill=\"currentColor\" \/><\/svg><\/div><p class=\"label\">Dato<\/p><p class=\"value\"><time datetime=\"2026-03-21 12:00:00\" class=\"date start\">Fra <span class=\"date\">21. mars 2026<\/span> <span class=\"time\">12:00<\/span><\/time><time datetime=\"2026-03-21 16:00:00\" class=\"date end\"> til <span class=\"date\">21. mars 2026<\/span> <span class=\"time\">16:00<\/span><\/time><\/p><\/li><li class=\"type-price\"><div class=\"icon\"><svg xmlns=\"http:\/\/www.w3.org\/2000\/svg\" viewBox=\"0 0 24 24\" height=\"24\" width=\"24\" class=\"t2-icon t2-icon-monetizationon\" aria-hidden=\"true\" focusable=\"false\"><path d=\"M8.1 14.8c.2.8.6 1.4 1.1 1.9.5.5 1.1.8 1.9 1v.4c0 .2.1.4.3.6.2.2.4.3.6.3s.4-.1.6-.3c.2-.2.3-.4.3-.6v-.4c.8-.1 1.6-.5 2.1-1 .6-.5.9-1.2.9-2.2 0-.7-.2-1.3-.6-1.9s-1.2-1.1-2.4-1.5c-1-.3-1.7-.6-2.1-.9-.4-.2-.6-.6-.6-1s.2-.8.5-1c.3-.2.8-.4 1.3-.4s.9.1 1.2.4c.3.3.5.6.6 1l1.6-.6c-.2-.6-.5-1.1-1-1.5-.5-.4-1-.7-1.6-.7v-.5c0-.2-.1-.4-.3-.6 0-.2-.2-.3-.5-.3s-.4.1-.6.3c-.2.2-.3.4-.3.6v.4c-.8.2-1.5.6-2 1.1-.4.5-.6 1.1-.6 1.8 0 .8.2 1.4.7 1.9.5.5 1.2.9 2.2 1.2 1.1.4 1.8.7 2.2 1s.6.7.6 1.2c0 .6-.2 1-.6 1.2s-.9.4-1.4.4c-.6 0-1-.2-1.5-.5s-.7-.9-.9-1.5l-1.7.7zM12 22c-1.4 0-2.7-.3-3.9-.8-1.2-.5-2.3-1.2-3.2-2.1s-1.6-2-2.1-3.2S2 13.4 2 12s.3-2.7.8-3.9S4 5.8 4.9 4.9s2-1.6 3.2-2.1S10.6 2 12 2s2.7.3 3.9.8 2.3 1.2 3.2 2.1 1.6 2 2.1 3.2c.5 1.2.8 2.5.8 3.9s-.3 2.7-.8 3.9c-.5 1.2-1.2 2.3-2.1 3.2s-2 1.6-3.2 2.1c-1.2.5-2.5.8-3.9.8zm0-2c2.2 0 4.1-.8 5.7-2.3 1.5-1.6 2.3-3.4 2.3-5.7s-.8-4.1-2.3-5.7C16.1 4.8 14.2 4 12 4s-4.1.8-5.7 2.3S4 9.8 4 12s.8 4.1 2.3 5.7C7.9 19.2 9.8 20 12 20z\" fill=\"currentColor\" \/><\/svg><\/div><p class=\"label\">Pris<\/p><p class=\"value\">Gratis heiskort og p\u00f8lser for medlemmer<\/p><\/li><li class=\"type-type\"><div class=\"icon\"><svg xmlns=\"http:\/\/www.w3.org\/2000\/svg\" viewBox=\"0 0 24 24\" height=\"24\" width=\"24\" class=\"t2-icon t2-icon-wavinghand\" aria-hidden=\"true\" focusable=\"false\"><path d=\"M17.8 23c1.3-.2 2.5-.8 3.4-1.7 1-1 1.5-2.1 1.7-3.4 0-.2 0-.4-.2-.6s-.3-.3-.5-.3-.3.1-.5.2-.2.3-.2.5c-.1 1-.6 1.8-1.3 2.5s-1.5 1.1-2.5 1.3c-.2 0-.3.1-.5.3-.1.1-.2.2-.2.4s.1.4.2.6c.2.1.4.2.6.2zM1.8 7c.2 0 .3-.1.5-.2.1-.1.2-.3.3-.5.2-1 .6-1.8 1.3-2.5s1.5-1.1 2.5-1.3c.2 0 .3-.1.5-.3 0-.1.1-.2.1-.4s-.1-.4-.2-.6c-.2-.1-.4-.2-.6-.2-1.3.2-2.5.8-3.4 1.8S1.2 4.9 1.1 6.2c0 .2 0 .4.2.6.1.1.3.2.5.2zm1.7 13.5c-1.7-1.7-2.5-3.7-2.5-6s.8-4.3 2.5-6L7 4.9c.5-.5 1.1-.7 1.8-.7s1.3.2 1.8.7l.2.2c.1.1.1.1.1.2l2.5-2.5c.5-.5 1.1-.7 1.8-.7s1.3.2 1.8.7c0 .1.1.2.1.2l.2.2c.5-.3 1-.5 1.6-.4.6 0 1.1.3 1.5.7.4.4.6.8.7 1.3.1.5 0 1-.2 1.5.1 0 .2.1.3.2.1.1.2.1.3.2.5.5.7 1.1.7 1.8s-.2 1.3-.7 1.8l-.4.4c.1 0 .1.1.2.1l.2.2c.5.5.7 1.1.7 1.8s-.2 1.3-.7 1.8l-6 6c-1.7 1.7-3.7 2.5-6 2.5s-4.3-1-6-2.6zm3.2-11L9.2 7c.1-.1.1-.2.1-.4 0-.1 0-.2-.1-.3s-.2-.1-.4-.1c-.1 0-.2.1-.3.1L4.9 9.9c-.6.6-1.1 1.4-1.4 2.2-.3.7-.5 1.5-.5 2.4s.2 1.6.5 2.5c.3.8.8 1.5 1.4 2.1s1.3 1.1 2.2 1.4 1.6.5 2.4.5c.8 0 1.6-.2 2.4-.5s1.5-.8 2.1-1.4l6-6c.1-.1.1-.2.1-.4 0-.1 0-.2-.1-.3-.1-.1-.2-.2-.4-.2-.1 0-.2.1-.3.2l-2.8 2.8c-.2.2-.4.3-.7.3-.3 0-.5-.1-.7-.3-.2-.2-.3-.5-.3-.7 0-.3.1-.5.3-.7L20 8.9c.1-.1.1-.2.1-.4s0-.3-.1-.4c0-.1-.1-.1-.2-.1s-.2 0-.3.1l-4.3 4.2c-.2.2-.4.3-.7.3s-.5-.1-.7-.3c-.2-.2-.3-.4-.3-.7 0-.3.1-.5.3-.7l5.3-5.3c.1-.1.1-.2.1-.3s0-.2-.1-.3c-.1-.1-.2-.2-.4-.2s-.2 0-.4.2L13 10.3c-.2.2-.4.3-.7.3s-.5-.1-.7-.3c-.2-.2-.3-.4-.3-.7s.1-.5.3-.7L15.5 5c.1-.1.1-.2.1-.4 0-.1-.1-.2-.1-.3-.1-.1-.2-.2-.3-.2s-.3.1-.4.2l-6.3 6.3c.3.7.4 1.5.3 2.2-.1.8-.3 1.5-.7 2.2-.2.3-.4.4-.7.4-.3 0-.6-.1-.9-.4-.1-.1-.2-.3-.2-.5s0-.4.1-.6c.2-.4.4-.9.4-1.4 0-.5-.1-1-.3-1.4-.1-.3-.2-.6-.2-.8.1-.4.2-.6.4-.8z\" fill=\"currentColor\" \/><\/svg><\/div><p class=\"label\">Type<\/p><p class=\"value\">Fysisk deltakelse<\/p><\/li><\/ul>\n\t\t\t\t<div class=\"wp-block-buttons is-layout-flex wp-block-buttons-is-layout-flex\">\n\t\t\t\t\t\n\t\t\t\t\t<div class=\"wp-block-button\">\n\t\t\t\t\t\t<a class=\"wp-block-button__link wp-element-button\" href=\"mailto:oppland@downssyndrom.no%20\" target=\"_blank\" rel=\"noopener noreferrer\">Meld deg p\u00e5<\/a>\n\t\t\t\t\t<\/div>\n\t\t\t\t\t\n\t\t\t\t<\/div>\n\t\t\t\t<\/div>","protected":false},"excerpt":{"rendered":"<p>Downs Syndrom Hedmark og Downs Syndrom Oppland inviterer til ski- og akedag p\u00e5 Budor l\u00f8rdag 21. mars 2026 \u2013 p\u00e5 selveste Verdensdagen for Downs syndrom!<\/p>\n","protected":false},"featured_media":168,"template":"","meta":{"event_all_day":false,"event_start_datetime":"2026-03-21T12:00:00","event_end_datetime":"2026-03-21T16:00:00","event_registration_mode":"external","event_registration_form":"","event_ticket_vendor_url":"mailto:oppland@downssyndrom.no ","event_ticket_price_text":"Gratis heiskort og p\u00f8lser for medlemmer","event_attendance_mode":"offline","event_virtual_venue_name":"","event_virtual_venue_url":"","event_supports_capacity":false,"event_capacity":0,"event_registrations_count":0,"footnotes":""},"event-location":[15],"event-category":[16],"class_list":["post-283","event","type-event","status-publish","has-post-thumbnail","hentry","event-location-budor-ski-og-kjelkeannlegg-budorvegen-1494-2340-loten","event-category-verdensdagen-for-downs-syndrom"],"yoast_head":"<!-- This site is optimized with the Yoast SEO Premium plugin v26.4-RC2 (Yoast SEO v26.4-RC2) - https:\/\/yoast.com\/wordpress\/plugins\/seo\/ -->\n<title>Verdensdagen for Downs syndrom 21. mars: Ski- og akedag p\u00e5 Budor - Downs Syndrom Hedmark<\/title>\n<meta name=\"description\" content=\"Downs Syndrom Hedmark og Downs Syndrom Oppland inviterer til ski- og akedag p\u00e5 Budor l\u00f8rdag 21. mars 2026 \u2013 p\u00e5 Verdensdagen for Downs syndrom!\" \/>\n<meta name=\"robots\" content=\"index, follow, max-snippet:-1, max-image-preview:large, max-video-preview:-1\" \/>\n<link rel=\"canonical\" href=\"https:\/\/www.downssyndrom.no\/hedmark\/arrangementer\/https-www-downssyndrom-no-hedmark-arrangementer-283\/\" \/>\n<meta property=\"og:locale\" content=\"nb_NO\" \/>\n<meta property=\"og:type\" content=\"article\" \/>\n<meta property=\"og:title\" content=\"Verdensdagen for Downs syndrom 21. mars: Ski- og akedag p\u00e5 Budor\" \/>\n<meta property=\"og:description\" content=\"Downs Syndrom Hedmark og Downs Syndrom Oppland inviterer til ski- og akedag p\u00e5 Budor l\u00f8rdag 21. mars 2026 \u2013 p\u00e5 Verdensdagen for Downs syndrom!\" \/>\n<meta property=\"og:url\" content=\"https:\/\/www.downssyndrom.no\/hedmark\/arrangementer\/https-www-downssyndrom-no-hedmark-arrangementer-283\/\" \/>\n<meta property=\"og:site_name\" content=\"Downs Syndrom Hedmark\" \/>\n<meta property=\"article:modified_time\" content=\"2026-03-04T14:18:18+00:00\" \/>\n<meta property=\"og:image\" content=\"https:\/\/www.downssyndrom.no\/content\/uploads\/sites\/11\/2024\/04\/Rockesokker-6.png\" \/>\n\t<meta property=\"og:image:width\" content=\"1000\" \/>\n\t<meta property=\"og:image:height\" content=\"750\" \/>\n\t<meta property=\"og:image:type\" content=\"image\/png\" \/>\n<meta name=\"twitter:card\" content=\"summary_large_image\" \/>\n<meta name=\"twitter:label1\" content=\"Ansl. lesetid\" \/>\n\t<meta name=\"twitter:data1\" content=\"2 minutter\" \/>\n<script type=\"application\/ld+json\" class=\"yoast-schema-graph\">{\"@context\":\"https:\/\/schema.org\",\"@graph\":[{\"@type\":\"WebPage\",\"@id\":\"https:\/\/www.downssyndrom.no\/hedmark\/arrangementer\/https-www-downssyndrom-no-hedmark-arrangementer-283\/\",\"url\":\"https:\/\/www.downssyndrom.no\/hedmark\/arrangementer\/https-www-downssyndrom-no-hedmark-arrangementer-283\/\",\"name\":\"Verdensdagen for Downs syndrom 21. mars: Ski- og akedag p\u00e5 Budor - Downs Syndrom Hedmark\",\"isPartOf\":{\"@id\":\"https:\/\/www.downssyndrom.no\/hedmark\/#website\"},\"primaryImageOfPage\":{\"@id\":\"https:\/\/www.downssyndrom.no\/hedmark\/arrangementer\/https-www-downssyndrom-no-hedmark-arrangementer-283\/#primaryimage\"},\"image\":{\"@id\":\"https:\/\/www.downssyndrom.no\/hedmark\/arrangementer\/https-www-downssyndrom-no-hedmark-arrangementer-283\/#primaryimage\"},\"thumbnailUrl\":\"https:\/\/www.downssyndrom.no\/content\/uploads\/sites\/11\/2024\/04\/Rockesokker-6.png\",\"datePublished\":\"2026-03-04T14:00:28+00:00\",\"dateModified\":\"2026-03-04T14:18:18+00:00\",\"description\":\"Downs Syndrom Hedmark og Downs Syndrom Oppland inviterer til ski- og akedag p\u00e5 Budor l\u00f8rdag 21. mars 2026 \u2013 p\u00e5 Verdensdagen for Downs syndrom!\",\"breadcrumb\":{\"@id\":\"https:\/\/www.downssyndrom.no\/hedmark\/arrangementer\/https-www-downssyndrom-no-hedmark-arrangementer-283\/#breadcrumb\"},\"inLanguage\":\"nb-NO\",\"potentialAction\":[{\"@type\":\"ReadAction\",\"target\":[\"https:\/\/www.downssyndrom.no\/hedmark\/arrangementer\/https-www-downssyndrom-no-hedmark-arrangementer-283\/\"]}]},{\"@type\":\"ImageObject\",\"inLanguage\":\"nb-NO\",\"@id\":\"https:\/\/www.downssyndrom.no\/hedmark\/arrangementer\/https-www-downssyndrom-no-hedmark-arrangementer-283\/#primaryimage\",\"url\":\"https:\/\/www.downssyndrom.no\/content\/uploads\/sites\/11\/2024\/04\/Rockesokker-6.png\",\"contentUrl\":\"https:\/\/www.downssyndrom.no\/content\/uploads\/sites\/11\/2024\/04\/Rockesokker-6.png\",\"width\":1000,\"height\":750,\"caption\":\"Rockesokker\"},{\"@type\":\"BreadcrumbList\",\"@id\":\"https:\/\/www.downssyndrom.no\/hedmark\/arrangementer\/https-www-downssyndrom-no-hedmark-arrangementer-283\/#breadcrumb\",\"itemListElement\":[{\"@type\":\"ListItem\",\"position\":1,\"name\":\"Hjem\",\"item\":\"https:\/\/www.downssyndrom.no\/hedmark\/\"},{\"@type\":\"ListItem\",\"position\":2,\"name\":\"Arrangementer\",\"item\":\"https:\/\/www.downssyndrom.no\/hedmark\/arrangementer\/\"},{\"@type\":\"ListItem\",\"position\":3,\"name\":\"Verdensdagen for Downs syndrom 21. mars: Ski- og akedag p\u00e5 Budor\"}]},{\"@type\":\"WebSite\",\"@id\":\"https:\/\/www.downssyndrom.no\/hedmark\/#website\",\"url\":\"https:\/\/www.downssyndrom.no\/hedmark\/\",\"name\":\"Downs Syndrom Hedmark\",\"description\":\"\",\"publisher\":{\"@id\":\"https:\/\/www.downssyndrom.no\/hedmark\/#organization\"},\"potentialAction\":[{\"@type\":\"SearchAction\",\"target\":{\"@type\":\"EntryPoint\",\"urlTemplate\":\"https:\/\/www.downssyndrom.no\/hedmark\/?s={search_term_string}\"},\"query-input\":{\"@type\":\"PropertyValueSpecification\",\"valueRequired\":true,\"valueName\":\"search_term_string\"}}],\"inLanguage\":\"nb-NO\"},{\"@type\":\"Organization\",\"@id\":\"https:\/\/www.downssyndrom.no\/hedmark\/#organization\",\"name\":\"Downs Syndrom Hedmark\",\"url\":\"https:\/\/www.downssyndrom.no\/hedmark\/\",\"logo\":{\"@type\":\"ImageObject\",\"inLanguage\":\"nb-NO\",\"@id\":\"https:\/\/www.downssyndrom.no\/hedmark\/#\/schema\/logo\/image\/\",\"url\":\"https:\/\/www.downssyndrom.no\/content\/uploads\/sites\/11\/2024\/03\/cropped-logo-downs-syndrom-hedmark.png\",\"contentUrl\":\"https:\/\/www.downssyndrom.no\/content\/uploads\/sites\/11\/2024\/03\/cropped-logo-downs-syndrom-hedmark.png\",\"width\":1523,\"height\":387,\"caption\":\"Downs Syndrom Hedmark\"},\"image\":{\"@id\":\"https:\/\/www.downssyndrom.no\/hedmark\/#\/schema\/logo\/image\/\"}}]}<\/script>\n<!-- \/ Yoast SEO Premium plugin. -->","yoast_head_json":{"title":"Verdensdagen for Downs syndrom 21. mars: Ski- og akedag p\u00e5 Budor - Downs Syndrom Hedmark","description":"Downs Syndrom Hedmark og Downs Syndrom Oppland inviterer til ski- og akedag p\u00e5 Budor l\u00f8rdag 21. mars 2026 \u2013 p\u00e5 Verdensdagen for Downs syndrom!","robots":{"index":"index","follow":"follow","max-snippet":"max-snippet:-1","max-image-preview":"max-image-preview:large","max-video-preview":"max-video-preview:-1"},"canonical":"https:\/\/www.downssyndrom.no\/hedmark\/arrangementer\/https-www-downssyndrom-no-hedmark-arrangementer-283\/","og_locale":"nb_NO","og_type":"article","og_title":"Verdensdagen for Downs syndrom 21. mars: Ski- og akedag p\u00e5 Budor","og_description":"Downs Syndrom Hedmark og Downs Syndrom Oppland inviterer til ski- og akedag p\u00e5 Budor l\u00f8rdag 21. mars 2026 \u2013 p\u00e5 Verdensdagen for Downs syndrom!","og_url":"https:\/\/www.downssyndrom.no\/hedmark\/arrangementer\/https-www-downssyndrom-no-hedmark-arrangementer-283\/","og_site_name":"Downs Syndrom Hedmark","article_modified_time":"2026-03-04T14:18:18+00:00","og_image":[{"width":1000,"height":750,"url":"https:\/\/www.downssyndrom.no\/content\/uploads\/sites\/11\/2024\/04\/Rockesokker-6.png","type":"image\/png"}],"twitter_card":"summary_large_image","twitter_misc":{"Ansl. lesetid":"2 minutter"},"schema":{"@context":"https:\/\/schema.org","@graph":[{"@type":"WebPage","@id":"https:\/\/www.downssyndrom.no\/hedmark\/arrangementer\/https-www-downssyndrom-no-hedmark-arrangementer-283\/","url":"https:\/\/www.downssyndrom.no\/hedmark\/arrangementer\/https-www-downssyndrom-no-hedmark-arrangementer-283\/","name":"Verdensdagen for Downs syndrom 21. mars: Ski- og akedag p\u00e5 Budor - Downs Syndrom Hedmark","isPartOf":{"@id":"https:\/\/www.downssyndrom.no\/hedmark\/#website"},"primaryImageOfPage":{"@id":"https:\/\/www.downssyndrom.no\/hedmark\/arrangementer\/https-www-downssyndrom-no-hedmark-arrangementer-283\/#primaryimage"},"image":{"@id":"https:\/\/www.downssyndrom.no\/hedmark\/arrangementer\/https-www-downssyndrom-no-hedmark-arrangementer-283\/#primaryimage"},"thumbnailUrl":"https:\/\/www.downssyndrom.no\/content\/uploads\/sites\/11\/2024\/04\/Rockesokker-6.png","datePublished":"2026-03-04T14:00:28+00:00","dateModified":"2026-03-04T14:18:18+00:00","description":"Downs Syndrom Hedmark og Downs Syndrom Oppland inviterer til ski- og akedag p\u00e5 Budor l\u00f8rdag 21. mars 2026 \u2013 p\u00e5 Verdensdagen for Downs syndrom!","breadcrumb":{"@id":"https:\/\/www.downssyndrom.no\/hedmark\/arrangementer\/https-www-downssyndrom-no-hedmark-arrangementer-283\/#breadcrumb"},"inLanguage":"nb-NO","potentialAction":[{"@type":"ReadAction","target":["https:\/\/www.downssyndrom.no\/hedmark\/arrangementer\/https-www-downssyndrom-no-hedmark-arrangementer-283\/"]}]},{"@type":"ImageObject","inLanguage":"nb-NO","@id":"https:\/\/www.downssyndrom.no\/hedmark\/arrangementer\/https-www-downssyndrom-no-hedmark-arrangementer-283\/#primaryimage","url":"https:\/\/www.downssyndrom.no\/content\/uploads\/sites\/11\/2024\/04\/Rockesokker-6.png","contentUrl":"https:\/\/www.downssyndrom.no\/content\/uploads\/sites\/11\/2024\/04\/Rockesokker-6.png","width":1000,"height":750,"caption":"Rockesokker"},{"@type":"BreadcrumbList","@id":"https:\/\/www.downssyndrom.no\/hedmark\/arrangementer\/https-www-downssyndrom-no-hedmark-arrangementer-283\/#breadcrumb","itemListElement":[{"@type":"ListItem","position":1,"name":"Hjem","item":"https:\/\/www.downssyndrom.no\/hedmark\/"},{"@type":"ListItem","position":2,"name":"Arrangementer","item":"https:\/\/www.downssyndrom.no\/hedmark\/arrangementer\/"},{"@type":"ListItem","position":3,"name":"Verdensdagen for Downs syndrom 21. mars: Ski- og akedag p\u00e5 Budor"}]},{"@type":"WebSite","@id":"https:\/\/www.downssyndrom.no\/hedmark\/#website","url":"https:\/\/www.downssyndrom.no\/hedmark\/","name":"Downs Syndrom Hedmark","description":"","publisher":{"@id":"https:\/\/www.downssyndrom.no\/hedmark\/#organization"},"potentialAction":[{"@type":"SearchAction","target":{"@type":"EntryPoint","urlTemplate":"https:\/\/www.downssyndrom.no\/hedmark\/?s={search_term_string}"},"query-input":{"@type":"PropertyValueSpecification","valueRequired":true,"valueName":"search_term_string"}}],"inLanguage":"nb-NO"},{"@type":"Organization","@id":"https:\/\/www.downssyndrom.no\/hedmark\/#organization","name":"Downs Syndrom Hedmark","url":"https:\/\/www.downssyndrom.no\/hedmark\/","logo":{"@type":"ImageObject","inLanguage":"nb-NO","@id":"https:\/\/www.downssyndrom.no\/hedmark\/#\/schema\/logo\/image\/","url":"https:\/\/www.downssyndrom.no\/content\/uploads\/sites\/11\/2024\/03\/cropped-logo-downs-syndrom-hedmark.png","contentUrl":"https:\/\/www.downssyndrom.no\/content\/uploads\/sites\/11\/2024\/03\/cropped-logo-downs-syndrom-hedmark.png","width":1523,"height":387,"caption":"Downs Syndrom Hedmark"},"image":{"@id":"https:\/\/www.downssyndrom.no\/hedmark\/#\/schema\/logo\/image\/"}}]}},"_links":{"self":[{"href":"https:\/\/www.downssyndrom.no\/hedmark\/wp-json\/wp\/v2\/event\/283","targetHints":{"allow":["GET"]}}],"collection":[{"href":"https:\/\/www.downssyndrom.no\/hedmark\/wp-json\/wp\/v2\/event"}],"about":[{"href":"https:\/\/www.downssyndrom.no\/hedmark\/wp-json\/wp\/v2\/types\/event"}],"version-history":[{"count":3,"href":"https:\/\/www.downssyndrom.no\/hedmark\/wp-json\/wp\/v2\/event\/283\/revisions"}],"predecessor-version":[{"id":286,"href":"https:\/\/www.downssyndrom.no\/hedmark\/wp-json\/wp\/v2\/event\/283\/revisions\/286"}],"wp:featuredmedia":[{"embeddable":true,"href":"https:\/\/www.downssyndrom.no\/hedmark\/wp-json\/wp\/v2\/media\/168"}],"wp:attachment":[{"href":"https:\/\/www.downssyndrom.no\/hedmark\/wp-json\/wp\/v2\/media?parent=283"}],"wp:term":[{"taxonomy":"event-location","embeddable":true,"href":"https:\/\/www.downssyndrom.no\/hedmark\/wp-json\/wp\/v2\/event-location?post=283"},{"taxonomy":"event-category","embeddable":true,"href":"https:\/\/www.downssyndrom.no\/hedmark\/wp-json\/wp\/v2\/event-category?post=283"}],"curies":[{"name":"wp","href":"https:\/\/api.w.org\/{rel}","templated":true}]}}