{"id":270,"date":"2026-02-10T10:37:52","date_gmt":"2026-02-10T09:37:52","guid":{"rendered":"https:\/\/www.downssyndrom.no\/hedmark\/?post_type=event&#038;p=270"},"modified":"2026-02-10T15:02:26","modified_gmt":"2026-02-10T14:02:26","slug":"juletrefest-2027","status":"publish","type":"event","link":"https:\/\/www.downssyndrom.no\/hedmark\/arrangementer\/juletrefest-2027\/","title":{"rendered":"Juletrefest 2027"},"content":{"rendered":"<h1 class=\"wp-block-post-title\">Juletrefest 2027<\/h1>\n\n<p class=\"t2-ingress wp-block-t2-ingress\">Sett av datoen i kalenderen allerede n\u00e5 \u2013 neste juletrefest blir 9. januar 2027 p\u00e5 <a href=\"https:\/\/sites.google.com\/kfuk-kfum.no\/kfuk-kfum-hamar-ynglingen\/start\">Ynglingen<\/a> i Hamar!<\/p>\n\n\n<p>Mer informasjon og mulighet for p\u00e5melding kommer n\u00e5r det n\u00e6rmer seg. <\/p>\n\n\n\n<p>Les litt om hvordan det var p\u00e5<a href=\"https:\/\/www.downssyndrom.no\/hedmark\/2026\/02\/10\/store-og-sma-koste-seg-pa-juletrefest\/\"> juletrefesten i 2026 her<\/a>.<\/p>\n\n\n<div class=\"dekode-events-info wp-block-dekode-events-event-info\"><ul class=\"event-info-items\"><li class=\"type-location\"><div class=\"icon\"><svg xmlns=\"http:\/\/www.w3.org\/2000\/svg\" viewBox=\"0 0 24 24\" height=\"24\" width=\"24\" class=\"t2-icon t2-icon-locationon\" aria-hidden=\"true\" focusable=\"false\"><path d=\"M12 12c.6 0 1-.2 1.4-.6s.6-.8.6-1.4-.2-1-.6-1.4S12.6 8 12 8s-1 .2-1.4.6-.6.8-.6 1.4.2 1 .6 1.4.8.6 1.4.6zm0 7.4c2-1.9 3.5-3.6 4.5-5.1s1.5-2.9 1.5-4.1c0-1.8-.6-3.3-1.7-4.5S13.7 4 12 4s-3.1.6-4.3 1.7S6 8.4 6 10.2c0 1.2.5 2.5 1.5 4.1s2.5 3.2 4.5 5.1zm0 2.2c-.1 0-.3 0-.4-.1-.1-.1-.2-.1-.4-.2-2.4-2.1-4.2-4.1-5.4-6S4 11.8 4 10.2c0-2.5.8-4.5 2.4-6S9.9 2 12 2s4 .7 5.6 2.2 2.4 3.5 2.4 6c0 1.6-.6 3.3-1.8 5.2-1.2 1.8-3 3.8-5.5 6-.1.1-.2.1-.3.2H12z\" fill=\"currentColor\" \/><\/svg><\/div><p class=\"label\">Lokasjon<\/p><p class=\"value\"><span class=\"location type-offline\" title=\"\">Ynglingen i Hamar<\/span><\/p><\/li><li class=\"type-date\"><div class=\"icon\"><svg xmlns=\"http:\/\/www.w3.org\/2000\/svg\" viewBox=\"0 0 24 24\" height=\"24\" width=\"24\" class=\"t2-icon t2-icon-eventnote\" aria-hidden=\"true\" focusable=\"false\"><path d=\"M5 22c-.5 0-1-.2-1.4-.6S3 20.6 3 20V6c0-.6.2-1 .6-1.4S4.5 4 5 4h1V3c0-.3.1-.5.3-.7S6.7 2 7 2c.3 0 .5.1.7.3s.3.4.3.7v1h8V3c0-.3.1-.5.3-.7s.4-.3.7-.3.5.1.7.3c.2.2.3.4.3.7v1h1c.6 0 1 .2 1.4.6s.6.8.6 1.4v14c0 .6-.2 1-.6 1.4s-.8.6-1.4.6H5zm0-2h14V10H5v10zM5 8h14V6H5v2zm0 0V6v2zm3 6c-.3 0-.5-.1-.7-.3-.2-.2-.3-.4-.3-.7s.1-.5.3-.7c.2-.2.4-.3.7-.3h8c.3 0 .5.1.7.3.2.2.3.4.3.7s-.1.5-.3.7c-.2.2-.4.3-.7.3H8zm0 4c-.3 0-.5-.1-.7-.3-.2-.2-.3-.4-.3-.7s.1-.5.3-.7c.2-.2.4-.3.7-.3h5c.3 0 .5.1.7.3.2.2.3.4.3.7s-.1.5-.3.7c-.2.2-.4.3-.7.3H8z\" fill=\"currentColor\" \/><\/svg><\/div><p class=\"label\">Dato<\/p><p class=\"value\"><time datetime=\"2027-01-09 00:00:00\" class=\"date start\"><span class=\"date\">9. januar 2027<\/span><\/time><\/p><\/li><li class=\"type-type\"><div class=\"icon\"><svg xmlns=\"http:\/\/www.w3.org\/2000\/svg\" viewBox=\"0 0 24 24\" height=\"24\" width=\"24\" class=\"t2-icon t2-icon-wavinghand\" aria-hidden=\"true\" focusable=\"false\"><path d=\"M17.8 23c1.3-.2 2.5-.8 3.4-1.7 1-1 1.5-2.1 1.7-3.4 0-.2 0-.4-.2-.6s-.3-.3-.5-.3-.3.1-.5.2-.2.3-.2.5c-.1 1-.6 1.8-1.3 2.5s-1.5 1.1-2.5 1.3c-.2 0-.3.1-.5.3-.1.1-.2.2-.2.4s.1.4.2.6c.2.1.4.2.6.2zM1.8 7c.2 0 .3-.1.5-.2.1-.1.2-.3.3-.5.2-1 .6-1.8 1.3-2.5s1.5-1.1 2.5-1.3c.2 0 .3-.1.5-.3 0-.1.1-.2.1-.4s-.1-.4-.2-.6c-.2-.1-.4-.2-.6-.2-1.3.2-2.5.8-3.4 1.8S1.2 4.9 1.1 6.2c0 .2 0 .4.2.6.1.1.3.2.5.2zm1.7 13.5c-1.7-1.7-2.5-3.7-2.5-6s.8-4.3 2.5-6L7 4.9c.5-.5 1.1-.7 1.8-.7s1.3.2 1.8.7l.2.2c.1.1.1.1.1.2l2.5-2.5c.5-.5 1.1-.7 1.8-.7s1.3.2 1.8.7c0 .1.1.2.1.2l.2.2c.5-.3 1-.5 1.6-.4.6 0 1.1.3 1.5.7.4.4.6.8.7 1.3.1.5 0 1-.2 1.5.1 0 .2.1.3.2.1.1.2.1.3.2.5.5.7 1.1.7 1.8s-.2 1.3-.7 1.8l-.4.4c.1 0 .1.1.2.1l.2.2c.5.5.7 1.1.7 1.8s-.2 1.3-.7 1.8l-6 6c-1.7 1.7-3.7 2.5-6 2.5s-4.3-1-6-2.6zm3.2-11L9.2 7c.1-.1.1-.2.1-.4 0-.1 0-.2-.1-.3s-.2-.1-.4-.1c-.1 0-.2.1-.3.1L4.9 9.9c-.6.6-1.1 1.4-1.4 2.2-.3.7-.5 1.5-.5 2.4s.2 1.6.5 2.5c.3.8.8 1.5 1.4 2.1s1.3 1.1 2.2 1.4 1.6.5 2.4.5c.8 0 1.6-.2 2.4-.5s1.5-.8 2.1-1.4l6-6c.1-.1.1-.2.1-.4 0-.1 0-.2-.1-.3-.1-.1-.2-.2-.4-.2-.1 0-.2.1-.3.2l-2.8 2.8c-.2.2-.4.3-.7.3-.3 0-.5-.1-.7-.3-.2-.2-.3-.5-.3-.7 0-.3.1-.5.3-.7L20 8.9c.1-.1.1-.2.1-.4s0-.3-.1-.4c0-.1-.1-.1-.2-.1s-.2 0-.3.1l-4.3 4.2c-.2.2-.4.3-.7.3s-.5-.1-.7-.3c-.2-.2-.3-.4-.3-.7 0-.3.1-.5.3-.7l5.3-5.3c.1-.1.1-.2.1-.3s0-.2-.1-.3c-.1-.1-.2-.2-.4-.2s-.2 0-.4.2L13 10.3c-.2.2-.4.3-.7.3s-.5-.1-.7-.3c-.2-.2-.3-.4-.3-.7s.1-.5.3-.7L15.5 5c.1-.1.1-.2.1-.4 0-.1-.1-.2-.1-.3-.1-.1-.2-.2-.3-.2s-.3.1-.4.2l-6.3 6.3c.3.7.4 1.5.3 2.2-.1.8-.3 1.5-.7 2.2-.2.3-.4.4-.7.4-.3 0-.6-.1-.9-.4-.1-.1-.2-.3-.2-.5s0-.4.1-.6c.2-.4.4-.9.4-1.4 0-.5-.1-1-.3-1.4-.1-.3-.2-.6-.2-.8.1-.4.2-.6.4-.8z\" fill=\"currentColor\" \/><\/svg><\/div><p class=\"label\">Type<\/p><p class=\"value\">Fysisk deltakelse<\/p><\/li><\/ul>\n\t\t\t\t<div class=\"wp-block-buttons is-layout-flex wp-block-buttons-is-layout-flex\">\n\t\t\t\t\t\n\t\t\t\t\t<div class=\"wp-block-button\">\n\t\t\t\t\t\t<a class=\"wp-block-button__link wp-element-button\" href=\"#dekode-events-registration-form\">Lenke for p\u00e5melding kommer<\/a>\n\t\t\t\t\t<\/div>\n\t\t\t\t\t\n\t\t\t\t<\/div>\n\t\t\t\t<\/div>\n\n\n<figure class=\"wp-block-image size-full\"><img loading=\"lazy\" decoding=\"async\" width=\"640\" height=\"481\" src=\"https:\/\/www.downssyndrom.no\/content\/uploads\/sites\/11\/2026\/02\/juletrefest-2026.jpg\" alt=\"Gang rundt juletreet og live musikk\" class=\"wp-image-261\" srcset=\"https:\/\/www.downssyndrom.no\/content\/uploads\/sites\/11\/2026\/02\/juletrefest-2026.jpg 640w, https:\/\/www.downssyndrom.no\/content\/uploads\/sites\/11\/2026\/02\/juletrefest-2026-300x225.jpg 300w\" sizes=\"auto, (max-width: 640px) 100vw, 640px\" \/><figcaption class=\"wp-element-caption\">Bilde fra juletrefesten i 2026.<\/figcaption><\/figure>\n","protected":false},"excerpt":{"rendered":"<p>Sett av datoen i kalenderen allerede n\u00e5 \u2013 neste juletrefest blir 9. januar 2027 p\u00e5 Yndlingen i Hamar!<\/p>\n","protected":false},"featured_media":261,"template":"","meta":{"event_all_day":true,"event_start_datetime":"2027-01-09T00:00:00","event_end_datetime":"2027-01-09T00:00:00","event_registration_mode":"internal","event_registration_form":"","event_ticket_vendor_url":"","event_ticket_price_text":"","event_attendance_mode":"offline","event_virtual_venue_name":"","event_virtual_venue_url":"","event_supports_capacity":false,"event_capacity":0,"event_registrations_count":0,"footnotes":""},"event-location":[14],"event-category":[13],"class_list":["post-270","event","type-event","status-publish","has-post-thumbnail","hentry","event-location-ynglingen-i-hamar","event-category-juletrefest"],"yoast_head":"<!-- This site is optimized with the Yoast SEO Premium plugin v26.4-RC2 (Yoast SEO v26.4-RC2) - https:\/\/yoast.com\/wordpress\/plugins\/seo\/ -->\n<title>Juletrefest 2027 - Downs Syndrom Hedmark<\/title>\n<meta name=\"description\" content=\"Sett av datoen i kalenderen allerede n\u00e5 \u2013 neste juletrefest blir 9. januar 2027 p\u00e5 Yndlingen i Hamar! Bli medlem i Downs syndrom Hedmark.\" \/>\n<meta name=\"robots\" content=\"index, follow, max-snippet:-1, max-image-preview:large, max-video-preview:-1\" \/>\n<link rel=\"canonical\" href=\"https:\/\/www.downssyndrom.no\/hedmark\/arrangementer\/juletrefest-2027\/\" \/>\n<meta property=\"og:locale\" content=\"nb_NO\" \/>\n<meta property=\"og:type\" content=\"article\" \/>\n<meta property=\"og:title\" content=\"Juletrefest 2027\" \/>\n<meta property=\"og:description\" content=\"Sett av datoen i kalenderen allerede n\u00e5 \u2013 neste juletrefest blir 9. januar 2027 p\u00e5 Yndlingen i Hamar! Bli medlem i Downs syndrom Hedmark.\" \/>\n<meta property=\"og:url\" content=\"https:\/\/www.downssyndrom.no\/hedmark\/arrangementer\/juletrefest-2027\/\" \/>\n<meta property=\"og:site_name\" content=\"Downs Syndrom Hedmark\" \/>\n<meta property=\"article:modified_time\" content=\"2026-02-10T14:02:26+00:00\" \/>\n<meta property=\"og:image\" content=\"https:\/\/www.downssyndrom.no\/content\/uploads\/sites\/11\/2026\/02\/juletrefest-2026.jpg\" \/>\n\t<meta property=\"og:image:width\" content=\"640\" \/>\n\t<meta property=\"og:image:height\" content=\"481\" \/>\n\t<meta property=\"og:image:type\" content=\"image\/jpeg\" \/>\n<meta name=\"twitter:card\" content=\"summary_large_image\" \/>\n<meta name=\"twitter:label1\" content=\"Ansl. lesetid\" \/>\n\t<meta name=\"twitter:data1\" content=\"1 minutt\" \/>\n<script type=\"application\/ld+json\" class=\"yoast-schema-graph\">{\"@context\":\"https:\/\/schema.org\",\"@graph\":[{\"@type\":\"WebPage\",\"@id\":\"https:\/\/www.downssyndrom.no\/hedmark\/arrangementer\/juletrefest-2027\/\",\"url\":\"https:\/\/www.downssyndrom.no\/hedmark\/arrangementer\/juletrefest-2027\/\",\"name\":\"Juletrefest 2027 - Downs Syndrom Hedmark\",\"isPartOf\":{\"@id\":\"https:\/\/www.downssyndrom.no\/hedmark\/#website\"},\"primaryImageOfPage\":{\"@id\":\"https:\/\/www.downssyndrom.no\/hedmark\/arrangementer\/juletrefest-2027\/#primaryimage\"},\"image\":{\"@id\":\"https:\/\/www.downssyndrom.no\/hedmark\/arrangementer\/juletrefest-2027\/#primaryimage\"},\"thumbnailUrl\":\"https:\/\/www.downssyndrom.no\/content\/uploads\/sites\/11\/2026\/02\/juletrefest-2026.jpg\",\"datePublished\":\"2026-02-10T09:37:52+00:00\",\"dateModified\":\"2026-02-10T14:02:26+00:00\",\"description\":\"Sett av datoen i kalenderen allerede n\u00e5 \u2013 neste juletrefest blir 9. januar 2027 p\u00e5 Yndlingen i Hamar! Bli medlem i Downs syndrom Hedmark.\",\"breadcrumb\":{\"@id\":\"https:\/\/www.downssyndrom.no\/hedmark\/arrangementer\/juletrefest-2027\/#breadcrumb\"},\"inLanguage\":\"nb-NO\",\"potentialAction\":[{\"@type\":\"ReadAction\",\"target\":[\"https:\/\/www.downssyndrom.no\/hedmark\/arrangementer\/juletrefest-2027\/\"]}]},{\"@type\":\"ImageObject\",\"inLanguage\":\"nb-NO\",\"@id\":\"https:\/\/www.downssyndrom.no\/hedmark\/arrangementer\/juletrefest-2027\/#primaryimage\",\"url\":\"https:\/\/www.downssyndrom.no\/content\/uploads\/sites\/11\/2026\/02\/juletrefest-2026.jpg\",\"contentUrl\":\"https:\/\/www.downssyndrom.no\/content\/uploads\/sites\/11\/2026\/02\/juletrefest-2026.jpg\",\"width\":640,\"height\":481,\"caption\":\"Gang rundt juletreet og live musikk\"},{\"@type\":\"BreadcrumbList\",\"@id\":\"https:\/\/www.downssyndrom.no\/hedmark\/arrangementer\/juletrefest-2027\/#breadcrumb\",\"itemListElement\":[{\"@type\":\"ListItem\",\"position\":1,\"name\":\"Hjem\",\"item\":\"https:\/\/www.downssyndrom.no\/hedmark\/\"},{\"@type\":\"ListItem\",\"position\":2,\"name\":\"Arrangementer\",\"item\":\"https:\/\/www.downssyndrom.no\/hedmark\/arrangementer\/\"},{\"@type\":\"ListItem\",\"position\":3,\"name\":\"Juletrefest 2027\"}]},{\"@type\":\"WebSite\",\"@id\":\"https:\/\/www.downssyndrom.no\/hedmark\/#website\",\"url\":\"https:\/\/www.downssyndrom.no\/hedmark\/\",\"name\":\"Downs Syndrom Hedmark\",\"description\":\"\",\"publisher\":{\"@id\":\"https:\/\/www.downssyndrom.no\/hedmark\/#organization\"},\"potentialAction\":[{\"@type\":\"SearchAction\",\"target\":{\"@type\":\"EntryPoint\",\"urlTemplate\":\"https:\/\/www.downssyndrom.no\/hedmark\/?s={search_term_string}\"},\"query-input\":{\"@type\":\"PropertyValueSpecification\",\"valueRequired\":true,\"valueName\":\"search_term_string\"}}],\"inLanguage\":\"nb-NO\"},{\"@type\":\"Organization\",\"@id\":\"https:\/\/www.downssyndrom.no\/hedmark\/#organization\",\"name\":\"Downs Syndrom Hedmark\",\"url\":\"https:\/\/www.downssyndrom.no\/hedmark\/\",\"logo\":{\"@type\":\"ImageObject\",\"inLanguage\":\"nb-NO\",\"@id\":\"https:\/\/www.downssyndrom.no\/hedmark\/#\/schema\/logo\/image\/\",\"url\":\"https:\/\/www.downssyndrom.no\/content\/uploads\/sites\/11\/2024\/03\/cropped-logo-downs-syndrom-hedmark.png\",\"contentUrl\":\"https:\/\/www.downssyndrom.no\/content\/uploads\/sites\/11\/2024\/03\/cropped-logo-downs-syndrom-hedmark.png\",\"width\":1523,\"height\":387,\"caption\":\"Downs Syndrom Hedmark\"},\"image\":{\"@id\":\"https:\/\/www.downssyndrom.no\/hedmark\/#\/schema\/logo\/image\/\"}}]}<\/script>\n<!-- \/ Yoast SEO Premium plugin. -->","yoast_head_json":{"title":"Juletrefest 2027 - Downs Syndrom Hedmark","description":"Sett av datoen i kalenderen allerede n\u00e5 \u2013 neste juletrefest blir 9. januar 2027 p\u00e5 Yndlingen i Hamar! Bli medlem i Downs syndrom Hedmark.","robots":{"index":"index","follow":"follow","max-snippet":"max-snippet:-1","max-image-preview":"max-image-preview:large","max-video-preview":"max-video-preview:-1"},"canonical":"https:\/\/www.downssyndrom.no\/hedmark\/arrangementer\/juletrefest-2027\/","og_locale":"nb_NO","og_type":"article","og_title":"Juletrefest 2027","og_description":"Sett av datoen i kalenderen allerede n\u00e5 \u2013 neste juletrefest blir 9. januar 2027 p\u00e5 Yndlingen i Hamar! Bli medlem i Downs syndrom Hedmark.","og_url":"https:\/\/www.downssyndrom.no\/hedmark\/arrangementer\/juletrefest-2027\/","og_site_name":"Downs Syndrom Hedmark","article_modified_time":"2026-02-10T14:02:26+00:00","og_image":[{"width":640,"height":481,"url":"https:\/\/www.downssyndrom.no\/content\/uploads\/sites\/11\/2026\/02\/juletrefest-2026.jpg","type":"image\/jpeg"}],"twitter_card":"summary_large_image","twitter_misc":{"Ansl. lesetid":"1 minutt"},"schema":{"@context":"https:\/\/schema.org","@graph":[{"@type":"WebPage","@id":"https:\/\/www.downssyndrom.no\/hedmark\/arrangementer\/juletrefest-2027\/","url":"https:\/\/www.downssyndrom.no\/hedmark\/arrangementer\/juletrefest-2027\/","name":"Juletrefest 2027 - Downs Syndrom Hedmark","isPartOf":{"@id":"https:\/\/www.downssyndrom.no\/hedmark\/#website"},"primaryImageOfPage":{"@id":"https:\/\/www.downssyndrom.no\/hedmark\/arrangementer\/juletrefest-2027\/#primaryimage"},"image":{"@id":"https:\/\/www.downssyndrom.no\/hedmark\/arrangementer\/juletrefest-2027\/#primaryimage"},"thumbnailUrl":"https:\/\/www.downssyndrom.no\/content\/uploads\/sites\/11\/2026\/02\/juletrefest-2026.jpg","datePublished":"2026-02-10T09:37:52+00:00","dateModified":"2026-02-10T14:02:26+00:00","description":"Sett av datoen i kalenderen allerede n\u00e5 \u2013 neste juletrefest blir 9. januar 2027 p\u00e5 Yndlingen i Hamar! Bli medlem i Downs syndrom Hedmark.","breadcrumb":{"@id":"https:\/\/www.downssyndrom.no\/hedmark\/arrangementer\/juletrefest-2027\/#breadcrumb"},"inLanguage":"nb-NO","potentialAction":[{"@type":"ReadAction","target":["https:\/\/www.downssyndrom.no\/hedmark\/arrangementer\/juletrefest-2027\/"]}]},{"@type":"ImageObject","inLanguage":"nb-NO","@id":"https:\/\/www.downssyndrom.no\/hedmark\/arrangementer\/juletrefest-2027\/#primaryimage","url":"https:\/\/www.downssyndrom.no\/content\/uploads\/sites\/11\/2026\/02\/juletrefest-2026.jpg","contentUrl":"https:\/\/www.downssyndrom.no\/content\/uploads\/sites\/11\/2026\/02\/juletrefest-2026.jpg","width":640,"height":481,"caption":"Gang rundt juletreet og live musikk"},{"@type":"BreadcrumbList","@id":"https:\/\/www.downssyndrom.no\/hedmark\/arrangementer\/juletrefest-2027\/#breadcrumb","itemListElement":[{"@type":"ListItem","position":1,"name":"Hjem","item":"https:\/\/www.downssyndrom.no\/hedmark\/"},{"@type":"ListItem","position":2,"name":"Arrangementer","item":"https:\/\/www.downssyndrom.no\/hedmark\/arrangementer\/"},{"@type":"ListItem","position":3,"name":"Juletrefest 2027"}]},{"@type":"WebSite","@id":"https:\/\/www.downssyndrom.no\/hedmark\/#website","url":"https:\/\/www.downssyndrom.no\/hedmark\/","name":"Downs Syndrom Hedmark","description":"","publisher":{"@id":"https:\/\/www.downssyndrom.no\/hedmark\/#organization"},"potentialAction":[{"@type":"SearchAction","target":{"@type":"EntryPoint","urlTemplate":"https:\/\/www.downssyndrom.no\/hedmark\/?s={search_term_string}"},"query-input":{"@type":"PropertyValueSpecification","valueRequired":true,"valueName":"search_term_string"}}],"inLanguage":"nb-NO"},{"@type":"Organization","@id":"https:\/\/www.downssyndrom.no\/hedmark\/#organization","name":"Downs Syndrom Hedmark","url":"https:\/\/www.downssyndrom.no\/hedmark\/","logo":{"@type":"ImageObject","inLanguage":"nb-NO","@id":"https:\/\/www.downssyndrom.no\/hedmark\/#\/schema\/logo\/image\/","url":"https:\/\/www.downssyndrom.no\/content\/uploads\/sites\/11\/2024\/03\/cropped-logo-downs-syndrom-hedmark.png","contentUrl":"https:\/\/www.downssyndrom.no\/content\/uploads\/sites\/11\/2024\/03\/cropped-logo-downs-syndrom-hedmark.png","width":1523,"height":387,"caption":"Downs Syndrom Hedmark"},"image":{"@id":"https:\/\/www.downssyndrom.no\/hedmark\/#\/schema\/logo\/image\/"}}]}},"_links":{"self":[{"href":"https:\/\/www.downssyndrom.no\/hedmark\/wp-json\/wp\/v2\/event\/270","targetHints":{"allow":["GET"]}}],"collection":[{"href":"https:\/\/www.downssyndrom.no\/hedmark\/wp-json\/wp\/v2\/event"}],"about":[{"href":"https:\/\/www.downssyndrom.no\/hedmark\/wp-json\/wp\/v2\/types\/event"}],"version-history":[{"count":5,"href":"https:\/\/www.downssyndrom.no\/hedmark\/wp-json\/wp\/v2\/event\/270\/revisions"}],"predecessor-version":[{"id":281,"href":"https:\/\/www.downssyndrom.no\/hedmark\/wp-json\/wp\/v2\/event\/270\/revisions\/281"}],"wp:featuredmedia":[{"embeddable":true,"href":"https:\/\/www.downssyndrom.no\/hedmark\/wp-json\/wp\/v2\/media\/261"}],"wp:attachment":[{"href":"https:\/\/www.downssyndrom.no\/hedmark\/wp-json\/wp\/v2\/media?parent=270"}],"wp:term":[{"taxonomy":"event-location","embeddable":true,"href":"https:\/\/www.downssyndrom.no\/hedmark\/wp-json\/wp\/v2\/event-location?post=270"},{"taxonomy":"event-category","embeddable":true,"href":"https:\/\/www.downssyndrom.no\/hedmark\/wp-json\/wp\/v2\/event-category?post=270"}],"curies":[{"name":"wp","href":"https:\/\/api.w.org\/{rel}","templated":true}]}}